{"id":37626,"date":"2022-06-01T08:56:39","date_gmt":"2022-06-01T07:56:39","guid":{"rendered":"https:\/\/www.whistlelink.com\/?page_id=37626"},"modified":"2026-01-08T14:10:38","modified_gmt":"2026-01-08T13:10:38","slug":"normativa-comunitaria-de-proteccion-de-denunciantes","status":"publish","type":"page","link":"https:\/\/www.whistlelink.com\/es\/normativa-comunitaria-de-proteccion-de-denunciantes\/","title":{"rendered":"Normativa comunitaria de protecci\u00f3n de denunciantes"},"content":{"rendered":"\t\t<div data-elementor-type=\"wp-page\" data-elementor-id=\"37626\" class=\"elementor elementor-37626 elementor-32096\" data-elementor-post-type=\"page\">\n\t\t\t\t<div class=\"elementor-element elementor-element-bae1a03 e-con-full e-flex e-con e-parent\" data-id=\"bae1a03\" data-element_type=\"container\" data-e-type=\"container\" data-settings=\"{&quot;background_background&quot;:&quot;classic&quot;}\">\n\t\t<div class=\"elementor-element elementor-element-795990d e-con-full e-flex e-con e-child\" data-id=\"795990d\" data-element_type=\"container\" data-e-type=\"container\">\n\t\t\t\t<div class=\"elementor-element elementor-element-6f90135 elementor-widget elementor-widget-jet-headline\" data-id=\"6f90135\" data-element_type=\"widget\" data-e-type=\"widget\" data-widget_type=\"jet-headline.default\">\n\t\t\t\t<div class=\"elementor-widget-container\">\n\t\t\t\t\t<h1 class=\"jet-headline jet-headline--direction-vertical\"><span class=\"jet-headline__part jet-headline__first\"><span class=\"jet-headline__label\">Obten las \u00faltimas actualizaciones sobre la normativa nacionale de protecci\u00f3n de denunciantes de los estados miembros<\/span><\/span><span class=\"jet-headline__part jet-headline__second\"><span class=\"jet-headline__label\">Normativa comunitaria de<br> protecci\u00f3n de denunciantes<\/span><\/span><\/h1>\t\t\t\t<\/div>\n\t\t\t\t<\/div>\n\t\t\t\t<\/div>\n\t\t\t\t<\/div>\n\t\t<div class=\"elementor-element elementor-element-3042a25 e-flex e-con-boxed e-con e-parent\" data-id=\"3042a25\" data-element_type=\"container\" data-e-type=\"container\" data-settings=\"{&quot;background_background&quot;:&quot;classic&quot;}\">\n\t\t\t\t\t<div class=\"e-con-inner\">\n\t\t<div class=\"elementor-element elementor-element-b677f13 e-con-full e-flex e-con e-child\" data-id=\"b677f13\" data-element_type=\"container\" data-e-type=\"container\">\n\t\t<div class=\"elementor-element elementor-element-175ceef e-con-full e-flex e-con e-child\" data-id=\"175ceef\" data-element_type=\"container\" data-e-type=\"container\" data-settings=\"{&quot;background_background&quot;:&quot;classic&quot;}\">\n\t\t<div class=\"elementor-element elementor-element-9df79ca e-con-full e-flex e-con e-child\" data-id=\"9df79ca\" data-element_type=\"container\" data-e-type=\"container\">\n\t\t<div class=\"elementor-element elementor-element-7e3e241 e-flex e-con-boxed e-con e-child\" data-id=\"7e3e241\" data-element_type=\"container\" data-e-type=\"container\">\n\t\t\t\t\t<div class=\"e-con-inner\">\n\t\t\t\t<div class=\"elementor-element elementor-element-34f1704 elementor-hidden-widescreen elementor-hidden-desktop elementor-hidden-laptop elementor-hidden-tablet_extra elementor-hidden-tablet elementor-hidden-mobile_extra elementor-hidden-mobile elementor-widget elementor-widget-template\" data-id=\"34f1704\" data-element_type=\"widget\" data-e-type=\"widget\" data-widget_type=\"template.default\">\n\t\t\t\t<div class=\"elementor-widget-container\">\n\t\t\t\t\t\t\t<div class=\"elementor-template\">\n\t\t\t\t\t<div data-elementor-type=\"container\" data-elementor-id=\"62555\" class=\"elementor elementor-62555 elementor-62543 elementor-62543\" data-elementor-post-type=\"elementor_library\">\n\t\t\t\t<div class=\"elementor-element elementor-element-4b67229c elementor-hidden-widescreen elementor-hidden-laptop elementor-hidden-tablet_extra elementor-hidden-tablet elementor-hidden-mobile_extra elementor-hidden-mobile e-flex e-con-boxed e-con e-child\" data-id=\"4b67229c\" data-element_type=\"container\" data-e-type=\"container\">\n\t\t\t\t\t<div class=\"e-con-inner\">\n\t\t\t\t<div class=\"elementor-element elementor-element-7fba6039 elementor-position-inline-start elementor-mobile-position-inline-start elementor-view-default elementor-widget elementor-widget-icon-box\" data-id=\"7fba6039\" data-element_type=\"widget\" data-e-type=\"widget\" data-widget_type=\"icon-box.default\">\n\t\t\t\t<div class=\"elementor-widget-container\">\n\t\t\t\t\t\t\t<div class=\"elementor-icon-box-wrapper\">\n\n\t\t\t\t\t\t<div class=\"elementor-icon-box-icon\">\n\t\t\t\t<a href=\"https:\/\/www.whistlelink.com\/whistlelink-whitepapers\/\" class=\"elementor-icon\" tabindex=\"-1\" aria-label=\"Download our free whitepaper: \">\n\t\t\t\t<i aria-hidden=\"true\" class=\"fas fa-arrow-circle-right\"><\/i>\t\t\t\t<\/a>\n\t\t\t<\/div>\n\t\t\t\n\t\t\t\t\t\t<div class=\"elementor-icon-box-content\">\n\n\t\t\t\t\t\t\t\t\t<h3 class=\"elementor-icon-box-title\">\n\t\t\t\t\t\t<a href=\"https:\/\/www.whistlelink.com\/whistlelink-whitepapers\/\" >\n\t\t\t\t\t\t\tDownload our free whitepaper: \t\t\t\t\t\t<\/a>\n\t\t\t\t\t<\/h3>\n\t\t\t\t\n\t\t\t\t\t\t\t\t\t<p class=\"elementor-icon-box-description\">\n\t\t\t\t\t\tHow to get compliant with the Whistleblowing Law\t\t\t\t\t<\/p>\n\t\t\t\t\n\t\t\t<\/div>\n\t\t\t\n\t\t<\/div>\n\t\t\t\t\t\t<\/div>\n\t\t\t\t<\/div>\n\t\t\t\t\t<\/div>\n\t\t\t\t<\/div>\n\t\t\t\t<\/div>\n\t\t\t\t<\/div>\n\t\t\t\t\t\t<\/div>\n\t\t\t\t<\/div>\n\t\t\t\t\t<\/div>\n\t\t\t\t<\/div>\n\t\t\t\t<div class=\"elementor-element elementor-element-f2db70f elementor-widget elementor-widget-text-editor\" data-id=\"f2db70f\" data-element_type=\"widget\" data-e-type=\"widget\" data-widget_type=\"text-editor.default\">\n\t\t\t\t<div class=\"elementor-widget-container\">\n\t\t\t\t\t\t\t\t\t<h4>El objetivo de la Directiva Whistleblowing (2019\/1937) es detectar y prevenir infracciones dentro de la Uni\u00f3n, y proteger a las personas (denunciantes) que denuncian conductas indebidas en el trabajo.<\/h4>\t\t\t\t\t\t\t\t<\/div>\n\t\t\t\t<\/div>\n\t\t\t\t<div class=\"elementor-element elementor-element-38dbd0a elementor-widget elementor-widget-jet-headline\" data-id=\"38dbd0a\" data-element_type=\"widget\" data-e-type=\"widget\" data-widget_type=\"jet-headline.default\">\n\t\t\t\t<div class=\"elementor-widget-container\">\n\t\t\t\t\t<h2 class=\"jet-headline jet-headline--direction-vertical\"><span class=\"jet-headline__part jet-headline__first\"><span class=\"jet-headline__label\">UN REQUISITO DE LA DIRECTIVA UE<\/span><\/span><span class=\"jet-headline__part jet-headline__second\"><span class=\"jet-headline__label\">Leyes comunitarias de protecci\u00f3n de denunciantes<\/span><\/span><\/h2>\t\t\t\t<\/div>\n\t\t\t\t<\/div>\n\t\t\t\t<div class=\"elementor-element elementor-element-05c2279 elementor-widget elementor-widget-text-editor\" data-id=\"05c2279\" data-element_type=\"widget\" data-e-type=\"widget\" data-widget_type=\"text-editor.default\">\n\t\t\t\t<div class=\"elementor-widget-container\">\n\t\t\t\t\t\t\t\t\t<p>Hasta el 17 de diciembre de 2021, se esperaba que todos los estados miembros adoptaran la Directiva para la protecci\u00f3n de denunciantes.\u00a0<\/p><p id=\"tw-target-text\" class=\"tw-data-text tw-text-large tw-ta\" dir=\"ltr\" data-placeholder=\"Translation\"><em><span class=\"Y2IQFc\" lang=\"es\">\u00daltima actualizaci\u00f3n: Febrero de 2025<\/span><\/em><\/p>\t\t\t\t\t\t\t\t<\/div>\n\t\t\t\t<\/div>\n\t\t\t\t<\/div>\n\t\t\t\t<\/div>\n\t\t<div class=\"elementor-element elementor-element-ecc3eba e-con-full e-flex e-con e-child\" data-id=\"ecc3eba\" data-element_type=\"container\" data-e-type=\"container\" data-settings=\"{&quot;background_background&quot;:&quot;classic&quot;}\">\n\t\t<div class=\"elementor-element elementor-element-833904d e-con-full e-flex e-con e-child\" data-id=\"833904d\" data-element_type=\"container\" data-e-type=\"container\">\n\t\t\t\t<div class=\"elementor-element elementor-element-1d98ace elementor-widget elementor-widget-jet-headline\" data-id=\"1d98ace\" data-element_type=\"widget\" data-e-type=\"widget\" data-widget_type=\"jet-headline.default\">\n\t\t\t\t<div class=\"elementor-widget-container\">\n\t\t\t\t\t<h2 class=\"jet-headline jet-headline--direction-vertical\"><span class=\"jet-headline__part jet-headline__first\"><span class=\"jet-headline__label\">ENCUENTRA TU PA\u00cdS<\/span><\/span><span class=\"jet-headline__part jet-headline__second\"><span class=\"jet-headline__label\">Normativa nacional para la protecci\u00f3n de denunciantes<\/span><\/span><\/h2>\t\t\t\t<\/div>\n\t\t\t\t<\/div>\n\t\t\t\t<div class=\"elementor-element elementor-element-09fb632 elementor-widget elementor-widget-text-editor\" data-id=\"09fb632\" data-element_type=\"widget\" data-e-type=\"widget\" data-widget_type=\"text-editor.default\">\n\t\t\t\t<div class=\"elementor-widget-container\">\n\t\t\t\t\t\t\t\t\t<p>Las leyes nacionales de protecci\u00f3n de denunciantes se agregan a la lista a medida que se publican.<\/p>\t\t\t\t\t\t\t\t<\/div>\n\t\t\t\t<\/div>\n\t\t\t\t<div class=\"elementor-element elementor-element-e45da7e elementor-widget-divider--view-line elementor-widget elementor-widget-divider\" data-id=\"e45da7e\" data-element_type=\"widget\" data-e-type=\"widget\" data-widget_type=\"divider.default\">\n\t\t\t\t<div class=\"elementor-widget-container\">\n\t\t\t\t\t\t\t<div class=\"elementor-divider\">\n\t\t\t<span class=\"elementor-divider-separator\">\n\t\t\t\t\t\t<\/span>\n\t\t<\/div>\n\t\t\t\t\t\t<\/div>\n\t\t\t\t<\/div>\n\t\t\t\t<div class=\"elementor-element elementor-element-391669a elementor-widget elementor-widget-heading\" data-id=\"391669a\" data-element_type=\"widget\" data-e-type=\"widget\" data-widget_type=\"heading.default\">\n\t\t\t\t<div class=\"elementor-widget-container\">\n\t\t\t\t\t<h3 class=\"elementor-heading-title elementor-size-default\">Alemania<\/h3>\t\t\t\t<\/div>\n\t\t\t\t<\/div>\n\t\t\t\t<div class=\"elementor-element elementor-element-adb16ce elementor-widget elementor-widget-text-editor\" data-id=\"adb16ce\" data-element_type=\"widget\" data-e-type=\"widget\" data-widget_type=\"text-editor.default\">\n\t\t\t\t<div class=\"elementor-widget-container\">\n\t\t\t\t\t\t\t\t\t<p>Tras un compromiso discutido por el Comit\u00e9 de Mediaci\u00f3n, el Bundestag y el Bundesrat aprobaron el 18 de mayo de 2023 una nueva ley de protecci\u00f3n de los denunciantes. La ley entr\u00f3 en vigor el 2 de julio de 2023. <a href=\"https:\/\/www.whistlelink.com\/de\/whitepaper-whistleblowing-gesetz-in-deutschland\/\" target=\"_blank\" rel=\"noopener\">L<span data-teams=\"true\">ee aqu\u00ed nuestro documento t\u00e9cnico!<\/span><\/a><\/p><ul><li><a href=\"https:\/\/www.recht.bund.de\/bgbl\/1\/2023\/140\/VO.html\" target=\"_blank\" rel=\"noopener\">Hinweisgeberschutzgesetz (HinSchG)<\/a><\/li><li>Lea m\u00e1s en nuestro blog: <a href=\"https:\/\/www.whistlelink.com\/blog\/new-whistleblower-law-approved-in-germany-a-milestone-for-protection-of-whistleblowers\/\" target=\"_blank\" rel=\"noopener\">Nueva Ley de Denuncias aprobada en Alemania: un hito para la protecci\u00f3n de los denunciantes.<\/a><\/li><\/ul>\t\t\t\t\t\t\t\t<\/div>\n\t\t\t\t<\/div>\n\t\t\t\t<div class=\"elementor-element elementor-element-262837c elementor-widget elementor-widget-heading\" data-id=\"262837c\" data-element_type=\"widget\" data-e-type=\"widget\" data-widget_type=\"heading.default\">\n\t\t\t\t<div class=\"elementor-widget-container\">\n\t\t\t\t\t<h3 class=\"elementor-heading-title elementor-size-default\">Austria<\/h3>\t\t\t\t<\/div>\n\t\t\t\t<\/div>\n\t\t\t\t<div class=\"elementor-element elementor-element-0e27f93 elementor-widget-divider--view-line elementor-widget elementor-widget-divider\" data-id=\"0e27f93\" data-element_type=\"widget\" data-e-type=\"widget\" data-widget_type=\"divider.default\">\n\t\t\t\t<div class=\"elementor-widget-container\">\n\t\t\t\t\t\t\t<div class=\"elementor-divider\">\n\t\t\t<span class=\"elementor-divider-separator\">\n\t\t\t\t\t\t<\/span>\n\t\t<\/div>\n\t\t\t\t\t\t<\/div>\n\t\t\t\t<\/div>\n\t\t\t\t<div class=\"elementor-element elementor-element-aa4adac elementor-widget elementor-widget-text-editor\" data-id=\"aa4adac\" data-element_type=\"widget\" data-e-type=\"widget\" data-widget_type=\"text-editor.default\">\n\t\t\t\t<div class=\"elementor-widget-container\">\n\t\t\t\t\t\t\t\t\t<p>El Parlamento austriaco (\u00abder Nationalrat\u00bb) aprob\u00f3 una nueva legislaci\u00f3n para transponer la Directiva de la UE sobre denuncia de irregularidades el 1 de febrero de 2023. La ley entrar\u00e1 en vigor a finales de marzo de 2023. <a href=\"https:\/\/www.whistlelink.com\/de\/whitepaper-whistleblowing-gesetz-in-osterreich\/\" target=\"_blank\" rel=\"noopener\">L<span data-teams=\"true\">ee aqu\u00ed nuestro documento t\u00e9cnico!<\/span><\/a><\/p><ul><li><a href=\"https:\/\/www.parlament.gv.at\/dokument\/XXVII\/BNR\/695\/fname_1517294.pdf\" target=\"_blank\" rel=\"noopener\">Bundesgesetz \u00fcber das Verfahren und den Schutz bei Hinweisen auf Rechtsverletzungen in bestimmten Rechtsbereichen (HinweisgeberInnenschutzgesetz \u2013 HSchG)<\/a><\/li><li>Lea m\u00e1s en nuestro blog: <a href=\"https:\/\/www.whistlelink.com\/blog\/new-whistleblower-law-in-austria\/\" target=\"_blank\" rel=\"noopener\">Nueva Ley de denuncias en Austria: una versi\u00f3n ligera de protecci\u00f3n de denunciantes que no abrumar\u00e1 a las empresas<\/a><\/li><\/ul>\t\t\t\t\t\t\t\t<\/div>\n\t\t\t\t<\/div>\n\t\t\t\t<div class=\"elementor-element elementor-element-209e897 elementor-widget-divider--view-line elementor-widget elementor-widget-divider\" data-id=\"209e897\" data-element_type=\"widget\" data-e-type=\"widget\" data-widget_type=\"divider.default\">\n\t\t\t\t<div class=\"elementor-widget-container\">\n\t\t\t\t\t\t\t<div class=\"elementor-divider\">\n\t\t\t<span class=\"elementor-divider-separator\">\n\t\t\t\t\t\t<\/span>\n\t\t<\/div>\n\t\t\t\t\t\t<\/div>\n\t\t\t\t<\/div>\n\t\t\t\t<div class=\"elementor-element elementor-element-be38063 elementor-widget elementor-widget-heading\" data-id=\"be38063\" data-element_type=\"widget\" data-e-type=\"widget\" data-widget_type=\"heading.default\">\n\t\t\t\t<div class=\"elementor-widget-container\">\n\t\t\t\t\t<h3 class=\"elementor-heading-title elementor-size-default\">B\u00e9lgica<\/h3>\t\t\t\t<\/div>\n\t\t\t\t<\/div>\n\t\t\t\t<div class=\"elementor-element elementor-element-958b184 elementor-widget elementor-widget-text-editor\" data-id=\"958b184\" data-element_type=\"widget\" data-e-type=\"widget\" data-widget_type=\"text-editor.default\">\n\t\t\t\t<div class=\"elementor-widget-container\">\n\t\t\t\t\t\t\t\t\t<p>El 28 de noviembre se adopt\u00f3 la legislaci\u00f3n para proteger a los denunciantes en el sector privado. Para el sector p\u00fablico federal, la legislaci\u00f3n se adopt\u00f3 el 8 de diciembre de 2022. La ley de denunciantes entr\u00f3 en vigor el 15 de febrero de 2023. <a href=\"https:\/\/www.whistlelink.com\/fr\/whitepaper-whistleblowing-loi-en-belgique\/\" target=\"_blank\" rel=\"noopener\">L<span data-teams=\"true\">ee aqu\u00ed nuestro documento t\u00e9cnico!<\/span><\/a><\/p><ul><li><a href=\"http:\/\/www.ejustice.just.fgov.be\/eli\/wet\/2022\/11\/28\/2022042980\/justel\">Wet betreffende de bescherming van melders van inbreuken op het Unie- of nationale recht vastgesteld binnen een juridische entiteit in de private sector<\/a><\/li><li><a href=\"http:\/\/www.ejustice.just.fgov.be\/eli\/loi\/2022\/11\/28\/2022042980\/justel\">Loi sur la protection des personnes qui signalent des violations au droit de l&#8217;Union ou au droit national constat\u00e9es au sein d&#8217;une entit\u00e9 juridique du secteur priv\u00e9<\/a><\/li><\/ul>\t\t\t\t\t\t\t\t<\/div>\n\t\t\t\t<\/div>\n\t\t\t\t<div class=\"elementor-element elementor-element-5a0276e elementor-widget-divider--view-line elementor-widget elementor-widget-divider\" data-id=\"5a0276e\" data-element_type=\"widget\" data-e-type=\"widget\" data-widget_type=\"divider.default\">\n\t\t\t\t<div class=\"elementor-widget-container\">\n\t\t\t\t\t\t\t<div class=\"elementor-divider\">\n\t\t\t<span class=\"elementor-divider-separator\">\n\t\t\t\t\t\t<\/span>\n\t\t<\/div>\n\t\t\t\t\t\t<\/div>\n\t\t\t\t<\/div>\n\t\t\t\t<div class=\"elementor-element elementor-element-5000db3 elementor-widget elementor-widget-heading\" data-id=\"5000db3\" data-element_type=\"widget\" data-e-type=\"widget\" data-widget_type=\"heading.default\">\n\t\t\t\t<div class=\"elementor-widget-container\">\n\t\t\t\t\t<h3 class=\"elementor-heading-title elementor-size-default\">Bulgaria<\/h3>\t\t\t\t<\/div>\n\t\t\t\t<\/div>\n\t\t\t\t<div class=\"elementor-element elementor-element-d5d6917 elementor-widget elementor-widget-text-editor\" data-id=\"d5d6917\" data-element_type=\"widget\" data-e-type=\"widget\" data-widget_type=\"text-editor.default\">\n\t\t\t\t<div class=\"elementor-widget-container\">\n\t\t\t\t\t\t\t\t\t<p>La Asamblea Nacional del Parlamento adopt\u00f3 la legislaci\u00f3n sobre denuncia de irregularidades el 27 de enero de 2023. La ley tiene como objetivo transponer los requisitos est\u00e1ndar m\u00ednimos de la Directiva de la UE y entr\u00f3 en vigor despu\u00e9s de 6 meses.<\/p><ul><li><a href=\"https:\/\/lex.bg\/bg\/mobile\/ldoc\/2137231156\">\u0417\u0410\u041a\u041e\u041d \u0417\u0410 \u0417\u0410\u0429\u0418\u0422\u0410 \u041d\u0410 \u041b\u0418\u0426\u0410\u0422\u0410, \u041f\u041e\u0414\u0410\u0412\u0410\u0429\u0418 \u0421\u0418\u0413\u041d\u0410\u041b\u0418 \u0418\u041b\u0418 \u041f\u0423\u0411\u041b\u0418\u0427\u041d\u041e \u041e\u041f\u041e\u0412\u0415\u0421\u0422\u042f\u0412\u0410\u0429\u0418 \u0418\u041d\u0424\u041e\u0420\u041c\u0410\u0426\u0418\u042f \u0417\u0410 \u041d\u0410\u0420\u0423\u0428\u0415\u041d\u0418\u042f<\/a><\/li><\/ul>\t\t\t\t\t\t\t\t<\/div>\n\t\t\t\t<\/div>\n\t\t\t\t<div class=\"elementor-element elementor-element-b67cf73 elementor-widget-divider--view-line elementor-widget elementor-widget-divider\" data-id=\"b67cf73\" data-element_type=\"widget\" data-e-type=\"widget\" data-widget_type=\"divider.default\">\n\t\t\t\t<div class=\"elementor-widget-container\">\n\t\t\t\t\t\t\t<div class=\"elementor-divider\">\n\t\t\t<span class=\"elementor-divider-separator\">\n\t\t\t\t\t\t<\/span>\n\t\t<\/div>\n\t\t\t\t\t\t<\/div>\n\t\t\t\t<\/div>\n\t\t\t\t<div class=\"elementor-element elementor-element-6cdb801 elementor-widget elementor-widget-heading\" data-id=\"6cdb801\" data-element_type=\"widget\" data-e-type=\"widget\" data-widget_type=\"heading.default\">\n\t\t\t\t<div class=\"elementor-widget-container\">\n\t\t\t\t\t<h3 class=\"elementor-heading-title elementor-size-default\">Chipre<\/h3>\t\t\t\t<\/div>\n\t\t\t\t<\/div>\n\t\t\t\t<div class=\"elementor-element elementor-element-94bf929 elementor-widget elementor-widget-text-editor\" data-id=\"94bf929\" data-element_type=\"widget\" data-e-type=\"widget\" data-widget_type=\"text-editor.default\">\n\t\t\t\t<div class=\"elementor-widget-container\">\n\t\t\t\t\t\t\t\t\t<p>El 20 de enero de 2022, el Parlamento de Chipre adopt\u00f3 un proyecto de ley que traspone la Directiva de protecci\u00f3n de denunciantes a la legislaci\u00f3n nacional. El 4 de febrero de 2022 se public\u00f3 la \u00abLey de Protecci\u00f3n de los denunciantes de 2022\u00bb.<\/p><ul><li><a href=\"https:\/\/www.dataguidance.com\/sites\/default\/files\/2022_1_006.pdf\" data-lf-fd-inspected-lynor8xodnbawqjz=\"true\">\u039f \u03c0\u03b5\u03c1\u03af \u03c4\u03b7\u03c2 \u03a0\u03c1\u03bf\u03c3\u03c4\u03b1\u03c3\u03af\u03b1\u03c2 \u03a0\u03c1\u03bf\u03c3\u03ce\u03c0\u03c9\u03bd \u03c0\u03bf\u03c5 \u0391\u03bd\u03b1\u03c6\u03ad\u03c1\u03bf\u03c5\u03bd \u03a0\u03b1\u03c1\u03b1\u03b2\u03ac\u03c3\u03b5\u03b9\u03c2 \u03c4\u03bf\u03c5 \u0395\u03bd\u03c9\u03c3\u03b9\u03b1\u03ba\u03bf\u03cd \u03ba\u03b1\u03b9 \u0395\u03b8\u03bd\u03b9\u03ba\u03bf\u03cd \u0394\u03b9\u03ba\u03b1\u03af\u03bf\u03c5 \u039d\u03cc\u03bc\u03bf\u03c2 \u03c4\u03bf\u03c5 2022<\/a><\/li><\/ul>\t\t\t\t\t\t\t\t<\/div>\n\t\t\t\t<\/div>\n\t\t\t\t<div class=\"elementor-element elementor-element-896466e elementor-widget-divider--view-line elementor-widget elementor-widget-divider\" data-id=\"896466e\" data-element_type=\"widget\" data-e-type=\"widget\" data-widget_type=\"divider.default\">\n\t\t\t\t<div class=\"elementor-widget-container\">\n\t\t\t\t\t\t\t<div class=\"elementor-divider\">\n\t\t\t<span class=\"elementor-divider-separator\">\n\t\t\t\t\t\t<\/span>\n\t\t<\/div>\n\t\t\t\t\t\t<\/div>\n\t\t\t\t<\/div>\n\t\t\t\t<div class=\"elementor-element elementor-element-5ba35a8 elementor-widget elementor-widget-heading\" data-id=\"5ba35a8\" data-element_type=\"widget\" data-e-type=\"widget\" data-widget_type=\"heading.default\">\n\t\t\t\t<div class=\"elementor-widget-container\">\n\t\t\t\t\t<h3 class=\"elementor-heading-title elementor-size-default\">Croacia<\/h3>\t\t\t\t<\/div>\n\t\t\t\t<\/div>\n\t\t\t\t<div class=\"elementor-element elementor-element-a4e790e elementor-widget elementor-widget-text-editor\" data-id=\"a4e790e\" data-element_type=\"widget\" data-e-type=\"widget\" data-widget_type=\"text-editor.default\">\n\t\t\t\t<div class=\"elementor-widget-container\">\n\t\t\t\t\t\t\t\t\t<p>El 23 de abril de 2022 entr\u00f3 en vigor una nueva ley, \u00abLa Ley de protecci\u00f3n de denunciantes\u00bb, en sustituci\u00f3n de la Ley de denuncias de 2019.<\/p><ul><li><a href=\"https:\/\/narodne-novine.nn.hr\/clanci\/sluzbeni\/2022_04_46_572.html\">Zakon o za\u0161titi prijavitelja nepravilnosti<\/a><\/li><\/ul>\t\t\t\t\t\t\t\t<\/div>\n\t\t\t\t<\/div>\n\t\t\t\t<div class=\"elementor-element elementor-element-9b5958c elementor-widget-divider--view-line elementor-widget elementor-widget-divider\" data-id=\"9b5958c\" data-element_type=\"widget\" data-e-type=\"widget\" data-widget_type=\"divider.default\">\n\t\t\t\t<div class=\"elementor-widget-container\">\n\t\t\t\t\t\t\t<div class=\"elementor-divider\">\n\t\t\t<span class=\"elementor-divider-separator\">\n\t\t\t\t\t\t<\/span>\n\t\t<\/div>\n\t\t\t\t\t\t<\/div>\n\t\t\t\t<\/div>\n\t\t\t\t<div class=\"elementor-element elementor-element-8f2ee36 elementor-widget elementor-widget-heading\" data-id=\"8f2ee36\" data-element_type=\"widget\" data-e-type=\"widget\" data-widget_type=\"heading.default\">\n\t\t\t\t<div class=\"elementor-widget-container\">\n\t\t\t\t\t<h3 class=\"elementor-heading-title elementor-size-default\">Dinamarca<\/h3>\t\t\t\t<\/div>\n\t\t\t\t<\/div>\n\t\t\t\t<div class=\"elementor-element elementor-element-147c580 elementor-widget elementor-widget-text-editor\" data-id=\"147c580\" data-element_type=\"widget\" data-e-type=\"widget\" data-widget_type=\"text-editor.default\">\n\t\t\t\t<div class=\"elementor-widget-container\">\n\t\t\t\t\t\t\t\t\t<p>La &#8216;Ley de Protecci\u00f3n de Denunciantes&#8217; que se aprob\u00f3 el 24 de junio de 2021 convirti\u00f3 a Dinamarca en el primer Estado miembro en adoptar una nueva legislaci\u00f3n para implementar la Directiva Whistleblowing despu\u00e9s del 17 de diciembre de 2021.<\/p><ul><li><a href=\"https:\/\/www.retsinformation.dk\/eli\/lta\/2021\/1436\">Lov om beskyttelse af whistleblowere<\/a><\/li><\/ul>\t\t\t\t\t\t\t\t<\/div>\n\t\t\t\t<\/div>\n\t\t\t\t<div class=\"elementor-element elementor-element-517f539 elementor-widget-divider--view-line elementor-widget elementor-widget-divider\" data-id=\"517f539\" data-element_type=\"widget\" data-e-type=\"widget\" data-widget_type=\"divider.default\">\n\t\t\t\t<div class=\"elementor-widget-container\">\n\t\t\t\t\t\t\t<div class=\"elementor-divider\">\n\t\t\t<span class=\"elementor-divider-separator\">\n\t\t\t\t\t\t<\/span>\n\t\t<\/div>\n\t\t\t\t\t\t<\/div>\n\t\t\t\t<\/div>\n\t\t\t\t<div class=\"elementor-element elementor-element-b8770ff elementor-widget elementor-widget-heading\" data-id=\"b8770ff\" data-element_type=\"widget\" data-e-type=\"widget\" data-widget_type=\"heading.default\">\n\t\t\t\t<div class=\"elementor-widget-container\">\n\t\t\t\t\t<h3 class=\"elementor-heading-title elementor-size-default\">Eslovaquia<\/h3>\t\t\t\t<\/div>\n\t\t\t\t<\/div>\n\t\t\t\t<div class=\"elementor-element elementor-element-329cbbb elementor-widget elementor-widget-text-editor\" data-id=\"329cbbb\" data-element_type=\"widget\" data-e-type=\"widget\" data-widget_type=\"text-editor.default\">\n\t\t\t\t<div class=\"elementor-widget-container\">\n\t\t\t\t\t\t\t\t\t<p>El 10 de mayo de 2023 se adopt\u00f3 en Eslovaquia una nueva ley de denuncia de irregularidades, que modifica la anterior Ley de denuncia de irregularidades y alinea la legislaci\u00f3n nacional con los requisitos de la Directiva de la UE. La ley entr\u00f3 en vigor el 1 de julio de 2023, y varias disposiciones no entraron en vigor hasta el 1 de septiembre de 2023.<\/p><ul><li><a href=\"https:\/\/www.slov-lex.sk\/pravne-predpisy\/SK\/ZZ\/2023\/189\/20230901.html\" target=\"_blank\" rel=\"noopener\">Z\u00e1kon \u010d. 54\/2019 Z. z. o ochrane oznamovate\u013eov protispolo\u010denskej \u010dinnosti<\/a><\/li><\/ul>\t\t\t\t\t\t\t\t<\/div>\n\t\t\t\t<\/div>\n\t\t\t\t<div class=\"elementor-element elementor-element-fc73dee elementor-widget-divider--view-line elementor-widget elementor-widget-divider\" data-id=\"fc73dee\" data-element_type=\"widget\" data-e-type=\"widget\" data-widget_type=\"divider.default\">\n\t\t\t\t<div class=\"elementor-widget-container\">\n\t\t\t\t\t\t\t<div class=\"elementor-divider\">\n\t\t\t<span class=\"elementor-divider-separator\">\n\t\t\t\t\t\t<\/span>\n\t\t<\/div>\n\t\t\t\t\t\t<\/div>\n\t\t\t\t<\/div>\n\t\t\t\t<div class=\"elementor-element elementor-element-39d6cfa elementor-widget elementor-widget-heading\" data-id=\"39d6cfa\" data-element_type=\"widget\" data-e-type=\"widget\" data-widget_type=\"heading.default\">\n\t\t\t\t<div class=\"elementor-widget-container\">\n\t\t\t\t\t<h3 class=\"elementor-heading-title elementor-size-default\">Eslovenia<\/h3>\t\t\t\t<\/div>\n\t\t\t\t<\/div>\n\t\t\t\t<div class=\"elementor-element elementor-element-3dc5144 elementor-widget elementor-widget-text-editor\" data-id=\"3dc5144\" data-element_type=\"widget\" data-e-type=\"widget\" data-widget_type=\"text-editor.default\">\n\t\t\t\t<div class=\"elementor-widget-container\">\n\t\t\t\t\t\t\t\t\t<p>El Parlamento esloveno ha adoptado la Ley de Protecci\u00f3n de Denunciantes, que entr\u00f3 en vigor el 22 de febrero de 2023.<\/p><ul><li><a href=\"https:\/\/www.uradni-list.si\/glasilo-uradni-list-rs\/vsebina\/2023-01-0301\/zakon-o-zasciti-prijaviteljev-zzpri\">Zakon o za\u0161\u010diti prijaviteljev (ZZPri)<\/a><\/li><\/ul>\t\t\t\t\t\t\t\t<\/div>\n\t\t\t\t<\/div>\n\t\t\t\t<div class=\"elementor-element elementor-element-fec3a93 elementor-widget-divider--view-line elementor-widget elementor-widget-divider\" data-id=\"fec3a93\" data-element_type=\"widget\" data-e-type=\"widget\" data-widget_type=\"divider.default\">\n\t\t\t\t<div class=\"elementor-widget-container\">\n\t\t\t\t\t\t\t<div class=\"elementor-divider\">\n\t\t\t<span class=\"elementor-divider-separator\">\n\t\t\t\t\t\t<\/span>\n\t\t<\/div>\n\t\t\t\t\t\t<\/div>\n\t\t\t\t<\/div>\n\t\t\t\t<div class=\"elementor-element elementor-element-f47c7a5 elementor-widget elementor-widget-heading\" data-id=\"f47c7a5\" data-element_type=\"widget\" data-e-type=\"widget\" data-widget_type=\"heading.default\">\n\t\t\t\t<div class=\"elementor-widget-container\">\n\t\t\t\t\t<h3 class=\"elementor-heading-title elementor-size-default\">Estonia<\/h3>\t\t\t\t<\/div>\n\t\t\t\t<\/div>\n\t\t\t\t<div class=\"elementor-element elementor-element-b4a4a88 elementor-widget elementor-widget-text-editor\" data-id=\"b4a4a88\" data-element_type=\"widget\" data-e-type=\"widget\" data-widget_type=\"text-editor.default\">\n\t\t\t\t<div class=\"elementor-widget-container\">\n\t\t\t\t\t\t\t\t\t<p>Estonia es el pen\u00faltimo de los 27 Estados miembros de la UE en adoptar la legislaci\u00f3n que transponerla Directiva. La Ley de protecci\u00f3n de los denunciantes de infracciones laborales de la legislaci\u00f3n de la Uni\u00f3n Europea se aprob\u00f3 el 23 de mayo de 2024 y entrar\u00e1 en vigor el 1 de septiembre de 2024.<\/p><ul><li><a href=\"https:\/\/www.riigiteataja.ee\/akt\/T%C3%95RTKS\" target=\"_blank\" rel=\"noopener\">T\u00f6\u00f6alasest Euroopa Liidu \u00f5iguse rikkumisest teavitaja kaitse seadus<\/a><\/li><\/ul>\t\t\t\t\t\t\t\t<\/div>\n\t\t\t\t<\/div>\n\t\t\t\t<div class=\"elementor-element elementor-element-59c9a8e elementor-widget-divider--view-line elementor-widget elementor-widget-divider\" data-id=\"59c9a8e\" data-element_type=\"widget\" data-e-type=\"widget\" data-widget_type=\"divider.default\">\n\t\t\t\t<div class=\"elementor-widget-container\">\n\t\t\t\t\t\t\t<div class=\"elementor-divider\">\n\t\t\t<span class=\"elementor-divider-separator\">\n\t\t\t\t\t\t<\/span>\n\t\t<\/div>\n\t\t\t\t\t\t<\/div>\n\t\t\t\t<\/div>\n\t\t\t\t<div class=\"elementor-element elementor-element-2cf001c elementor-widget elementor-widget-heading\" data-id=\"2cf001c\" data-element_type=\"widget\" data-e-type=\"widget\" data-widget_type=\"heading.default\">\n\t\t\t\t<div class=\"elementor-widget-container\">\n\t\t\t\t\t<h3 class=\"elementor-heading-title elementor-size-default\">Espa\u00f1a<\/h3>\t\t\t\t<\/div>\n\t\t\t\t<\/div>\n\t\t\t\t<div class=\"elementor-element elementor-element-078383a elementor-widget elementor-widget-text-editor\" data-id=\"078383a\" data-element_type=\"widget\" data-e-type=\"widget\" data-widget_type=\"text-editor.default\">\n\t\t\t\t<div class=\"elementor-widget-container\">\n\t\t\t\t\t\t\t\t\t<p>El Senado espa\u00f1ol ha aprobado la Ley 2\/2023 de protecci\u00f3n de las personas que denuncian infracciones y de lucha contra la corrupci\u00f3n. La ley se public\u00f3 el 21 de febrero y entr\u00f3 en vigor el 13 de marzo de 2023. <a href=\"https:\/\/www.whistlelink.com\/es\/whitepaper-ley-denuncias-espana\/\" target=\"_blank\" rel=\"noopener\">L<span data-teams=\"true\">ee aqu\u00ed nuestro documento t\u00e9cnico!<\/span><\/a><\/p><ul><li><a href=\"https:\/\/www.boe.es\/buscar\/act.php?id=BOE-A-2023-4513\">Ley 2\/2023 reguladora de la protecci\u00f3n de las personas que informen sobre infracciones normativas y de lucha contra la corrupci\u00f3n.<\/a><\/li><li>Lea m\u00e1s en nuestro blog: <a href=\"https:\/\/www.whistlelink.com\/es\/blog\/espana-se-convierte-en-el-18o-estado-miembro-en-aprobar-una-nueva-ley-de-proteccion-de-los-informantes\/\" target=\"_blank\" rel=\"noopener\">Espa\u00f1a se convierte en el 18\u00ba Estado miembro en aprobar una nueva ley de protecci\u00f3n de los informantes<\/a><\/li><\/ul>\t\t\t\t\t\t\t\t<\/div>\n\t\t\t\t<\/div>\n\t\t\t\t<div class=\"elementor-element elementor-element-379c643 elementor-widget-divider--view-line elementor-widget elementor-widget-divider\" data-id=\"379c643\" data-element_type=\"widget\" data-e-type=\"widget\" data-widget_type=\"divider.default\">\n\t\t\t\t<div class=\"elementor-widget-container\">\n\t\t\t\t\t\t\t<div class=\"elementor-divider\">\n\t\t\t<span class=\"elementor-divider-separator\">\n\t\t\t\t\t\t<\/span>\n\t\t<\/div>\n\t\t\t\t\t\t<\/div>\n\t\t\t\t<\/div>\n\t\t\t\t<div class=\"elementor-element elementor-element-929b914 elementor-widget elementor-widget-heading\" data-id=\"929b914\" data-element_type=\"widget\" data-e-type=\"widget\" data-widget_type=\"heading.default\">\n\t\t\t\t<div class=\"elementor-widget-container\">\n\t\t\t\t\t<h3 class=\"elementor-heading-title elementor-size-default\">Finlandia<\/h3>\t\t\t\t<\/div>\n\t\t\t\t<\/div>\n\t\t\t\t<div class=\"elementor-element elementor-element-b542fe2 elementor-widget elementor-widget-text-editor\" data-id=\"b542fe2\" data-element_type=\"widget\" data-e-type=\"widget\" data-widget_type=\"text-editor.default\">\n\t\t\t\t<div class=\"elementor-widget-container\">\n\t\t\t\t\t\t\t\t\t<p>Finlandia adopt\u00f3 una nueva ley de protecci\u00f3n al denunciante para transponer la Directiva de la UE sobre denuncias de inter\u00e9s p\u00fablico el 20 de diciembre de 2021. La Ley para la protecci\u00f3n de denunciantes entr\u00f3 en vigor el 1 de enero de 2023, convirtiendo a Finlandia en el duod\u00e9cimo pa\u00eds en implementar la Directiva.<\/p><ul><li><a href=\"https:\/\/www.finlex.fi\/fi\/laki\/alkup\/2022\/20221171\">Laki 1171\/2022 Euroopan unionin ja kansallisen oikeuden rikkomisesta ilmoittavien henkil\u00f6iden suojelusta (Ilmoittajansuojelulaki).<\/a><\/li><\/ul>\t\t\t\t\t\t\t\t<\/div>\n\t\t\t\t<\/div>\n\t\t\t\t<div class=\"elementor-element elementor-element-8f847d5 elementor-widget-divider--view-line elementor-widget elementor-widget-divider\" data-id=\"8f847d5\" data-element_type=\"widget\" data-e-type=\"widget\" data-widget_type=\"divider.default\">\n\t\t\t\t<div class=\"elementor-widget-container\">\n\t\t\t\t\t\t\t<div class=\"elementor-divider\">\n\t\t\t<span class=\"elementor-divider-separator\">\n\t\t\t\t\t\t<\/span>\n\t\t<\/div>\n\t\t\t\t\t\t<\/div>\n\t\t\t\t<\/div>\n\t\t\t\t<div class=\"elementor-element elementor-element-e3ab85b elementor-widget elementor-widget-heading\" data-id=\"e3ab85b\" data-element_type=\"widget\" data-e-type=\"widget\" data-widget_type=\"heading.default\">\n\t\t\t\t<div class=\"elementor-widget-container\">\n\t\t\t\t\t<h3 class=\"elementor-heading-title elementor-size-default\">Francia<\/h3>\t\t\t\t<\/div>\n\t\t\t\t<\/div>\n\t\t\t\t<div class=\"elementor-element elementor-element-c74bd75 elementor-widget elementor-widget-text-editor\" data-id=\"c74bd75\" data-element_type=\"widget\" data-e-type=\"widget\" data-widget_type=\"text-editor.default\">\n\t\t\t\t<div class=\"elementor-widget-container\">\n\t\t\t\t\t\t\t\t\t<p>Francia adopt\u00f3 la normativa de protecci\u00f3n de denunciantes en marzo de 2022. La ley entrar\u00e1 en vigor el 21 de septiembre de 2022. Antes de la nueva ley, Francia fue pionera en la protecci\u00f3n de denunciantes con su ley Sapin II de 2016. <a href=\"https:\/\/www.whistlelink.com\/fr\/whitepaper-whistleblowing-loi-en-france\/\" target=\"_blank\" rel=\"noopener\">L<span data-teams=\"true\">ee aqu\u00ed nuestro documento t\u00e9cnico!<\/span><\/a><\/p><ul><li><a href=\"https:\/\/www.legifrance.gouv.fr\/jorf\/id\/JORFTEXT000045388745\">LOI n\u00b0 2022-401 du 21 mars 2022 visant \u00e0 am\u00e9liorer la protection des lanceurs d\u2019alerte<\/a><\/li><li>Lee m\u00e1s en nuestro blog: <a href=\"https:\/\/www.whistlelink.com\/blog\/france-transposes-eu-whistleblowing-directive-into-national-law\/\">France adopts new whistleblowing law<\/a><\/li><\/ul>\t\t\t\t\t\t\t\t<\/div>\n\t\t\t\t<\/div>\n\t\t\t\t<div class=\"elementor-element elementor-element-b398512 elementor-widget-divider--view-line elementor-widget elementor-widget-divider\" data-id=\"b398512\" data-element_type=\"widget\" data-e-type=\"widget\" data-widget_type=\"divider.default\">\n\t\t\t\t<div class=\"elementor-widget-container\">\n\t\t\t\t\t\t\t<div class=\"elementor-divider\">\n\t\t\t<span class=\"elementor-divider-separator\">\n\t\t\t\t\t\t<\/span>\n\t\t<\/div>\n\t\t\t\t\t\t<\/div>\n\t\t\t\t<\/div>\n\t\t\t\t<div class=\"elementor-element elementor-element-d0e5714 elementor-widget elementor-widget-heading\" data-id=\"d0e5714\" data-element_type=\"widget\" data-e-type=\"widget\" data-widget_type=\"heading.default\">\n\t\t\t\t<div class=\"elementor-widget-container\">\n\t\t\t\t\t<h3 class=\"elementor-heading-title elementor-size-default\">Grecia<\/h3>\t\t\t\t<\/div>\n\t\t\t\t<\/div>\n\t\t\t\t<div class=\"elementor-element elementor-element-7b51183 elementor-widget elementor-widget-text-editor\" data-id=\"7b51183\" data-element_type=\"widget\" data-e-type=\"widget\" data-widget_type=\"text-editor.default\">\n\t\t\t\t<div class=\"elementor-widget-container\">\n\t\t\t\t\t\t\t\t\t<p>El 15 de noviembre de 2022, el Parlamento griego vot\u00f3 a favor de la nueva ley \u00abProtecci\u00f3n de las personas que denuncian infracciones de la legislaci\u00f3n de la UE\u00bb. La Ley 4990\/2022 convirti\u00f3 a Grecia en el und\u00e9cimo pa\u00eds en implementar la Directiva de denuncia de irregularidades<\/p><ul><li><a href=\"https:\/\/www.lawspot.gr\/nomikes-plirofories\/nomothesia\/nomos-4990-2022\">\u039d\u03cc\u03bc\u03bf\u03c2 4990\/2022, \u03a0\u03c1\u03bf\u03c3\u03c4\u03b1\u03c3\u03af\u03b1 \u03c0\u03c1\u03bf\u03c3\u03ce\u03c0\u03c9\u03bd \u03c0\u03bf\u03c5 \u03b1\u03bd\u03b1\u03c6\u03ad\u03c1\u03bf\u03c5\u03bd \u03c0\u03b1\u03c1\u03b1\u03b2\u03b9\u03ac\u03c3\u03b5\u03b9\u03c2 \u03b5\u03bd\u03c9\u03c3\u03b9\u03b1\u03ba\u03bf\u03cd \u03b4\u03b9\u03ba\u03b1\u03af\u03bf\u03c5\u00a0<\/a><\/li><\/ul>\t\t\t\t\t\t\t\t<\/div>\n\t\t\t\t<\/div>\n\t\t\t\t<div class=\"elementor-element elementor-element-bdb0b42 elementor-widget-divider--view-line elementor-widget elementor-widget-divider\" data-id=\"bdb0b42\" data-element_type=\"widget\" data-e-type=\"widget\" data-widget_type=\"divider.default\">\n\t\t\t\t<div class=\"elementor-widget-container\">\n\t\t\t\t\t\t\t<div class=\"elementor-divider\">\n\t\t\t<span class=\"elementor-divider-separator\">\n\t\t\t\t\t\t<\/span>\n\t\t<\/div>\n\t\t\t\t\t\t<\/div>\n\t\t\t\t<\/div>\n\t\t\t\t<div class=\"elementor-element elementor-element-69943d3 elementor-widget elementor-widget-heading\" data-id=\"69943d3\" data-element_type=\"widget\" data-e-type=\"widget\" data-widget_type=\"heading.default\">\n\t\t\t\t<div class=\"elementor-widget-container\">\n\t\t\t\t\t<h3 class=\"elementor-heading-title elementor-size-default\">Hungr\u00eda<\/h3>\t\t\t\t<\/div>\n\t\t\t\t<\/div>\n\t\t\t\t<div class=\"elementor-element elementor-element-cebf5c1 elementor-widget elementor-widget-text-editor\" data-id=\"cebf5c1\" data-element_type=\"widget\" data-e-type=\"widget\" data-widget_type=\"text-editor.default\">\n\t\t\t\t<div class=\"elementor-widget-container\">\n\t\t\t\t\t\t\t\t\t<p>Despu\u00e9s de un largo proceso y sin consulta con las partes interesadas clave, Hungr\u00eda aprob\u00f3 una ley de protecci\u00f3n de denunciantes el 25 de mayo de 2023.<\/p><ul><li><a href=\"https:\/\/jogkodex.hu\/doc\/1408194\" target=\"_blank\" rel=\"noopener\">2023. \u00e9vi XXV. t\u00f6rv\u00e9ny\u00a0a panaszokr\u00f3l, a k\u00f6z\u00e9rdek\u0171 bejelent\u00e9sekr\u0151l, valamint a vissza\u00e9l\u00e9sek bejelent\u00e9s\u00e9vel \u00f6sszef\u00fcgg\u0151 szab\u00e1lyokr\u00f3l<\/a><\/li><\/ul>\t\t\t\t\t\t\t\t<\/div>\n\t\t\t\t<\/div>\n\t\t\t\t<div class=\"elementor-element elementor-element-99ab4a5 elementor-widget-divider--view-line elementor-widget elementor-widget-divider\" data-id=\"99ab4a5\" data-element_type=\"widget\" data-e-type=\"widget\" data-widget_type=\"divider.default\">\n\t\t\t\t<div class=\"elementor-widget-container\">\n\t\t\t\t\t\t\t<div class=\"elementor-divider\">\n\t\t\t<span class=\"elementor-divider-separator\">\n\t\t\t\t\t\t<\/span>\n\t\t<\/div>\n\t\t\t\t\t\t<\/div>\n\t\t\t\t<\/div>\n\t\t\t\t<div class=\"elementor-element elementor-element-f8dc887 elementor-widget elementor-widget-heading\" data-id=\"f8dc887\" data-element_type=\"widget\" data-e-type=\"widget\" data-widget_type=\"heading.default\">\n\t\t\t\t<div class=\"elementor-widget-container\">\n\t\t\t\t\t<h3 class=\"elementor-heading-title elementor-size-default\">Irlanda<\/h3>\t\t\t\t<\/div>\n\t\t\t\t<\/div>\n\t\t\t\t<div class=\"elementor-element elementor-element-705f366 elementor-widget elementor-widget-text-editor\" data-id=\"705f366\" data-element_type=\"widget\" data-e-type=\"widget\" data-widget_type=\"text-editor.default\">\n\t\t\t\t<div class=\"elementor-widget-container\">\n\t\t\t\t\t\t\t\t\t<p>El 21 de julio de 2022, el presidente Higgins ha sancionado el \u201cActo de las Denuncias Protegidas\u201d. La nueva ley sobre la protecci\u00f3n de los denunciantes en Irlanda entr\u00f3 en vigor el 1 de enero de 2023. <a href=\"https:\/\/www.whistlelink.com\/whitepaper-whistleblowing-law\/\" target=\"_blank\" rel=\"noopener\">L<span data-teams=\"true\">ee aqu\u00ed nuestro documento t\u00e9cnico!<\/span><\/a><\/p><ul><li><a href=\"https:\/\/data.oireachtas.ie\/ie\/oireachtas\/act\/2022\/27\/eng\/enacted\/a2722.pdf\" target=\"_blank\" rel=\"noopener\" data-lf-fd-inspected-lynor8xodnbawqjz=\"true\">Protected Disclosures (Amendment) Act 2022<\/a><\/li><li>Leer m\u00e1s en nuestro blog: <a href=\"https:\/\/www.whistlelink.com\/blog\/ireland-adopts-new-whistleblowing-law\/\">Ireland adopts new whistleblowing law<\/a><\/li><\/ul>\t\t\t\t\t\t\t\t<\/div>\n\t\t\t\t<\/div>\n\t\t\t\t<div class=\"elementor-element elementor-element-73dea1f elementor-widget-divider--view-line elementor-widget elementor-widget-divider\" data-id=\"73dea1f\" data-element_type=\"widget\" data-e-type=\"widget\" data-widget_type=\"divider.default\">\n\t\t\t\t<div class=\"elementor-widget-container\">\n\t\t\t\t\t\t\t<div class=\"elementor-divider\">\n\t\t\t<span class=\"elementor-divider-separator\">\n\t\t\t\t\t\t<\/span>\n\t\t<\/div>\n\t\t\t\t\t\t<\/div>\n\t\t\t\t<\/div>\n\t\t\t\t<div class=\"elementor-element elementor-element-a727614 elementor-widget elementor-widget-heading\" data-id=\"a727614\" data-element_type=\"widget\" data-e-type=\"widget\" data-widget_type=\"heading.default\">\n\t\t\t\t<div class=\"elementor-widget-container\">\n\t\t\t\t\t<h3 class=\"elementor-heading-title elementor-size-default\">Italia<\/h3>\t\t\t\t<\/div>\n\t\t\t\t<\/div>\n\t\t\t\t<div class=\"elementor-element elementor-element-b21690c elementor-widget elementor-widget-text-editor\" data-id=\"b21690c\" data-element_type=\"widget\" data-e-type=\"widget\" data-widget_type=\"text-editor.default\">\n\t\t\t\t<div class=\"elementor-widget-container\">\n\t\t\t\t\t\t\t\t\t<p>El gobierno italiano aprob\u00f3 una nueva ley sobre la protecci\u00f3n de los denunciantes el 9 de marzo de 2023. La ley entra\u00f3 en vigor cuatro meses despu\u00e9s de su publicaci\u00f3n en el Bolet\u00edn Oficial del \u00c9stado, el 15de julio de 2023. <a href=\"https:\/\/www.whistlelink.com\/it\/whitepaper-whistleblowing-legge-in-italia\/\" target=\"_blank\" rel=\"noopener\">L<span data-teams=\"true\">ee aqu\u00ed nuestro documento t\u00e9cnico!<\/span><\/a><\/p><ul><li><a style=\"background-color: #ffffff;\" href=\"https:\/\/www.gazzettaufficiale.it\/eli\/id\/2023\/03\/15\/23G00032\/sg\" target=\"_blank\" rel=\"noopener\"><span dir=\"ltr\">Decreto Legislativo 10 marzo 2023, n. 24<\/span><\/a><\/li><li>Leer m\u00e1s en nuestro blog: <a href=\"https:\/\/www.whistlelink.com\/blog\/italy-has-transposed-the-eu-directive-whistleblowing-law-drafted-behind-closed-doors\/\" target=\"_blank\" rel=\"noopener\">Italia adopta una nueva ley para la protecci\u00f3n de denunciantes<\/a><\/li><\/ul>\t\t\t\t\t\t\t\t<\/div>\n\t\t\t\t<\/div>\n\t\t\t\t<div class=\"elementor-element elementor-element-0ba1283 elementor-widget-divider--view-line elementor-widget elementor-widget-divider\" data-id=\"0ba1283\" data-element_type=\"widget\" data-e-type=\"widget\" data-widget_type=\"divider.default\">\n\t\t\t\t<div class=\"elementor-widget-container\">\n\t\t\t\t\t\t\t<div class=\"elementor-divider\">\n\t\t\t<span class=\"elementor-divider-separator\">\n\t\t\t\t\t\t<\/span>\n\t\t<\/div>\n\t\t\t\t\t\t<\/div>\n\t\t\t\t<\/div>\n\t\t\t\t<div class=\"elementor-element elementor-element-8759627 elementor-widget elementor-widget-heading\" data-id=\"8759627\" data-element_type=\"widget\" data-e-type=\"widget\" data-widget_type=\"heading.default\">\n\t\t\t\t<div class=\"elementor-widget-container\">\n\t\t\t\t\t<h3 class=\"elementor-heading-title elementor-size-default\">Letonia<\/h3>\t\t\t\t<\/div>\n\t\t\t\t<\/div>\n\t\t\t\t<div class=\"elementor-element elementor-element-acd5724 elementor-widget elementor-widget-text-editor\" data-id=\"acd5724\" data-element_type=\"widget\" data-e-type=\"widget\" data-widget_type=\"text-editor.default\">\n\t\t\t\t<div class=\"elementor-widget-container\">\n\t\t\t\t\t\t\t\t\t<p>El Parlamento de Letonia (\u00abSaeima\u00bb) aprob\u00f3 la nueva \u00abLey sobre Denuncias\u00bb el 20 de enero de 2022. La Ley de Denuncias de Letonia entr\u00f3 en vigor el 4 de febrero de 2022.<\/p><ul><li><a href=\"https:\/\/likumi.lv\/ta\/id\/329680-trauksmes-celsanas-likums\">Trauksmes cel\u0161anas likums<\/a><\/li><\/ul>\t\t\t\t\t\t\t\t<\/div>\n\t\t\t\t<\/div>\n\t\t\t\t<div class=\"elementor-element elementor-element-f57e67b elementor-widget-divider--view-line elementor-widget elementor-widget-divider\" data-id=\"f57e67b\" data-element_type=\"widget\" data-e-type=\"widget\" data-widget_type=\"divider.default\">\n\t\t\t\t<div class=\"elementor-widget-container\">\n\t\t\t\t\t\t\t<div class=\"elementor-divider\">\n\t\t\t<span class=\"elementor-divider-separator\">\n\t\t\t\t\t\t<\/span>\n\t\t<\/div>\n\t\t\t\t\t\t<\/div>\n\t\t\t\t<\/div>\n\t\t\t\t<div class=\"elementor-element elementor-element-1f7fec8 elementor-widget elementor-widget-heading\" data-id=\"1f7fec8\" data-element_type=\"widget\" data-e-type=\"widget\" data-widget_type=\"heading.default\">\n\t\t\t\t<div class=\"elementor-widget-container\">\n\t\t\t\t\t<h3 class=\"elementor-heading-title elementor-size-default\">Lituania<\/h3>\t\t\t\t<\/div>\n\t\t\t\t<\/div>\n\t\t\t\t<div class=\"elementor-element elementor-element-2e1c798 elementor-widget elementor-widget-text-editor\" data-id=\"2e1c798\" data-element_type=\"widget\" data-e-type=\"widget\" data-widget_type=\"text-editor.default\">\n\t\t\t\t<div class=\"elementor-widget-container\">\n\t\t\t\t\t\t\t\t\t<p>Lituania adopt\u00f3 una nueva normativa, un d\u00eda antes del plazo establecido por la UE. La &#8216;Ley que modifica la anterior Ley de Protecci\u00f3n de Denunciantes No. XIII-804&#8217; entr\u00f3 en vigor el 15 de febrero de 2022.<\/p><ul><li><a href=\"https:\/\/e-seimas.lrs.lt\/portal\/legalAct\/lt\/TAP\/ad4bf270487211eca8a1caec3ec4b244\">Prane\u0161\u0117j\u0173 apsaugos \u012fstatymo<\/a><\/li><\/ul>\t\t\t\t\t\t\t\t<\/div>\n\t\t\t\t<\/div>\n\t\t\t\t<div class=\"elementor-element elementor-element-9fa43f5 elementor-widget-divider--view-line elementor-widget elementor-widget-divider\" data-id=\"9fa43f5\" data-element_type=\"widget\" data-e-type=\"widget\" data-widget_type=\"divider.default\">\n\t\t\t\t<div class=\"elementor-widget-container\">\n\t\t\t\t\t\t\t<div class=\"elementor-divider\">\n\t\t\t<span class=\"elementor-divider-separator\">\n\t\t\t\t\t\t<\/span>\n\t\t<\/div>\n\t\t\t\t\t\t<\/div>\n\t\t\t\t<\/div>\n\t\t\t\t<div class=\"elementor-element elementor-element-3782e70 elementor-widget elementor-widget-heading\" data-id=\"3782e70\" data-element_type=\"widget\" data-e-type=\"widget\" data-widget_type=\"heading.default\">\n\t\t\t\t<div class=\"elementor-widget-container\">\n\t\t\t\t\t<h3 class=\"elementor-heading-title elementor-size-default\">Los pa\u00edses bajos<\/h3>\t\t\t\t<\/div>\n\t\t\t\t<\/div>\n\t\t\t\t<div class=\"elementor-element elementor-element-f4f308b elementor-widget elementor-widget-text-editor\" data-id=\"f4f308b\" data-element_type=\"widget\" data-e-type=\"widget\" data-widget_type=\"text-editor.default\">\n\t\t\t\t<div class=\"elementor-widget-container\">\n\t\t\t\t\t\t\t\t\t<p>El 24 de enero de 2023 se adopt\u00f3 una nueva Ley de Protecci\u00f3n de Denunciantes, lo que convierte a los Pa\u00edses Bajos en el decimocuarto pa\u00eds en transponer la Directiva.<\/p><ul><li><a href=\"https:\/\/www.wetbeschermingklokkenluiders.nl\/\">Wet bescherming klokkenluiders<\/a><\/li><\/ul>\t\t\t\t\t\t\t\t<\/div>\n\t\t\t\t<\/div>\n\t\t\t\t<div class=\"elementor-element elementor-element-be35def elementor-widget-divider--view-line elementor-widget elementor-widget-divider\" data-id=\"be35def\" data-element_type=\"widget\" data-e-type=\"widget\" data-widget_type=\"divider.default\">\n\t\t\t\t<div class=\"elementor-widget-container\">\n\t\t\t\t\t\t\t<div class=\"elementor-divider\">\n\t\t\t<span class=\"elementor-divider-separator\">\n\t\t\t\t\t\t<\/span>\n\t\t<\/div>\n\t\t\t\t\t\t<\/div>\n\t\t\t\t<\/div>\n\t\t\t\t<div class=\"elementor-element elementor-element-b9a44c4 elementor-widget elementor-widget-heading\" data-id=\"b9a44c4\" data-element_type=\"widget\" data-e-type=\"widget\" data-widget_type=\"heading.default\">\n\t\t\t\t<div class=\"elementor-widget-container\">\n\t\t\t\t\t<h3 class=\"elementor-heading-title elementor-size-default\">Luxemburgo<\/h3>\t\t\t\t<\/div>\n\t\t\t\t<\/div>\n\t\t\t\t<div class=\"elementor-element elementor-element-99ef82e elementor-widget elementor-widget-text-editor\" data-id=\"99ef82e\" data-element_type=\"widget\" data-e-type=\"widget\" data-widget_type=\"text-editor.default\">\n\t\t\t\t<div class=\"elementor-widget-container\">\n\t\t\t\t\t\t\t\t\t<p>La nueva legislaci\u00f3n sobre protecci\u00f3n de los denunciantes se adopt\u00f3 en Luxemburgo el 16 de mayo de 2023 y entr\u00f3 en vigor el 21 de mayo de 2023.<\/p><ul><li><a href=\"https:\/\/legilux.public.lu\/eli\/etat\/leg\/loi\/2023\/05\/16\/a232\/jo\" target=\"_blank\" rel=\"noopener\">Loi du 16 mai 2023 portant transposition de la directive (UE) 2019\/1937 du Parlement europ\u00e9en et du Conseil du 23 octobre 2019 sur la protection des personnes qui signalent des violations du droit de l\u2019Union<\/a><\/li><\/ul>\t\t\t\t\t\t\t\t<\/div>\n\t\t\t\t<\/div>\n\t\t\t\t<div class=\"elementor-element elementor-element-e7021af elementor-widget-divider--view-line elementor-widget elementor-widget-divider\" data-id=\"e7021af\" data-element_type=\"widget\" data-e-type=\"widget\" data-widget_type=\"divider.default\">\n\t\t\t\t<div class=\"elementor-widget-container\">\n\t\t\t\t\t\t\t<div class=\"elementor-divider\">\n\t\t\t<span class=\"elementor-divider-separator\">\n\t\t\t\t\t\t<\/span>\n\t\t<\/div>\n\t\t\t\t\t\t<\/div>\n\t\t\t\t<\/div>\n\t\t\t\t<div class=\"elementor-element elementor-element-c6439f1 elementor-widget elementor-widget-heading\" data-id=\"c6439f1\" data-element_type=\"widget\" data-e-type=\"widget\" data-widget_type=\"heading.default\">\n\t\t\t\t<div class=\"elementor-widget-container\">\n\t\t\t\t\t<h3 class=\"elementor-heading-title elementor-size-default\">Malta<\/h3>\t\t\t\t<\/div>\n\t\t\t\t<\/div>\n\t\t\t\t<div class=\"elementor-element elementor-element-36c5889 elementor-widget elementor-widget-text-editor\" data-id=\"36c5889\" data-element_type=\"widget\" data-e-type=\"widget\" data-widget_type=\"text-editor.default\">\n\t\t\t\t<div class=\"elementor-widget-container\">\n\t\t\t\t\t\t\t\t\t<p>Malta se convirti\u00f3 en el primer Estado miembro de la UE en transponer la Directiva Whistleblowing, con la ley nacional &#8216;<a href=\"https:\/\/legislation.mt\/eli\/cap\/527\/eng\/pdf\" target=\"_blank\" rel=\"noopener\">Ley de protecci\u00f3n de denunciantes (enmienda) de 2021<\/a>&#8216;.<\/p><ul><li><a href=\"https:\/\/legislation.mt\/eli\/cap\/527\/20211224\/mlt\">Att dwar il-Protezzjoni ta\u2019 Informatur<\/a><\/li><\/ul>\t\t\t\t\t\t\t\t<\/div>\n\t\t\t\t<\/div>\n\t\t\t\t<div class=\"elementor-element elementor-element-7018750 elementor-widget-divider--view-line elementor-widget elementor-widget-divider\" data-id=\"7018750\" data-element_type=\"widget\" data-e-type=\"widget\" data-widget_type=\"divider.default\">\n\t\t\t\t<div class=\"elementor-widget-container\">\n\t\t\t\t\t\t\t<div class=\"elementor-divider\">\n\t\t\t<span class=\"elementor-divider-separator\">\n\t\t\t\t\t\t<\/span>\n\t\t<\/div>\n\t\t\t\t\t\t<\/div>\n\t\t\t\t<\/div>\n\t\t\t\t<div class=\"elementor-element elementor-element-4a425f5 elementor-widget elementor-widget-heading\" data-id=\"4a425f5\" data-element_type=\"widget\" data-e-type=\"widget\" data-widget_type=\"heading.default\">\n\t\t\t\t<div class=\"elementor-widget-container\">\n\t\t\t\t\t<h3 class=\"elementor-heading-title elementor-size-default\">Polonia<\/h3>\t\t\t\t<\/div>\n\t\t\t\t<\/div>\n\t\t\t\t<div class=\"elementor-element elementor-element-d2410d5 elementor-widget elementor-widget-text-editor\" data-id=\"d2410d5\" data-element_type=\"widget\" data-e-type=\"widget\" data-widget_type=\"text-editor.default\">\n\t\t\t\t<div class=\"elementor-widget-container\">\n\t\t\t\t\t\t\t\t\t<p>Despu\u00e9s de una larga espera y numerosos borradores, la Ley polaca de protecci\u00f3n de denunciantes recibi\u00f3 la aprobaci\u00f3n parlamentaria el 14 de junio de 2024. La legislaci\u00f3n entrar\u00e1 en vigor dentro de los 3 meses posteriores a la fecha de su publicaci\u00f3n en el Periodico Legal, el 24 de septiembre de 2024. <a href=\"https:\/\/www.whistlelink.com\/pl\/whitepaper-ochrona-sygnalistow-polska\/\" target=\"_blank\" rel=\"noopener\">L<span data-teams=\"true\">ee aqu\u00ed nuestro documento t\u00e9cnico!<\/span><\/a><\/p><ul><li><a href=\"https:\/\/dziennikustaw.gov.pl\/D2024000092801.pdf\" target=\"_blank\" rel=\"noopener\">Ustawa o ochronie sygnalist\u00f3w<\/a><\/li><li>Lee m\u00e1s en nuestro blog: <a href=\"https:\/\/www.whistlelink.com\/blog\/poland-approves-whistleblower-protection-legislation-after-a-long-wait-and-numerous-drafts\/\" target=\"_blank\" rel=\"noopener\">Poland approves Whistleblower Protection Legislation after a long wait<\/a><\/li><\/ul>\t\t\t\t\t\t\t\t<\/div>\n\t\t\t\t<\/div>\n\t\t\t\t<div class=\"elementor-element elementor-element-99ec25f elementor-widget-divider--view-line elementor-widget elementor-widget-divider\" data-id=\"99ec25f\" data-element_type=\"widget\" data-e-type=\"widget\" data-widget_type=\"divider.default\">\n\t\t\t\t<div class=\"elementor-widget-container\">\n\t\t\t\t\t\t\t<div class=\"elementor-divider\">\n\t\t\t<span class=\"elementor-divider-separator\">\n\t\t\t\t\t\t<\/span>\n\t\t<\/div>\n\t\t\t\t\t\t<\/div>\n\t\t\t\t<\/div>\n\t\t\t\t<div class=\"elementor-element elementor-element-680fc45 elementor-widget elementor-widget-heading\" data-id=\"680fc45\" data-element_type=\"widget\" data-e-type=\"widget\" data-widget_type=\"heading.default\">\n\t\t\t\t<div class=\"elementor-widget-container\">\n\t\t\t\t\t<h3 class=\"elementor-heading-title elementor-size-default\">Portugal<\/h3>\t\t\t\t<\/div>\n\t\t\t\t<\/div>\n\t\t\t\t<div class=\"elementor-element elementor-element-6fa516e elementor-widget elementor-widget-text-editor\" data-id=\"6fa516e\" data-element_type=\"widget\" data-e-type=\"widget\" data-widget_type=\"text-editor.default\">\n\t\t\t\t<div class=\"elementor-widget-container\">\n\t\t\t\t\t\t\t\t\t<p>Publicada el 20 de diciembre, la \u2018Ley No. 93\/2021\u2019 fue la trasposici\u00f3n portuguesa de la Directiva. La ley entra en vigor el 18 de junio de 2022.<\/p><ul><li><a href=\"https:\/\/dre.pt\/dre\/detalhe\/lei\/93-2021-176147929\">Lei n.\u00ba 93\/2021 (whistleblowing) para a protec\u00e7\u00e3o dos denunciantes<\/a><\/li><\/ul>\t\t\t\t\t\t\t\t<\/div>\n\t\t\t\t<\/div>\n\t\t\t\t<div class=\"elementor-element elementor-element-d7f49da elementor-widget-divider--view-line elementor-widget elementor-widget-divider\" data-id=\"d7f49da\" data-element_type=\"widget\" data-e-type=\"widget\" data-widget_type=\"divider.default\">\n\t\t\t\t<div class=\"elementor-widget-container\">\n\t\t\t\t\t\t\t<div class=\"elementor-divider\">\n\t\t\t<span class=\"elementor-divider-separator\">\n\t\t\t\t\t\t<\/span>\n\t\t<\/div>\n\t\t\t\t\t\t<\/div>\n\t\t\t\t<\/div>\n\t\t\t\t<div class=\"elementor-element elementor-element-3064cd9 elementor-widget elementor-widget-heading\" data-id=\"3064cd9\" data-element_type=\"widget\" data-e-type=\"widget\" data-widget_type=\"heading.default\">\n\t\t\t\t<div class=\"elementor-widget-container\">\n\t\t\t\t\t<h3 class=\"elementor-heading-title elementor-size-default\">Rep\u00fablica Checa<\/h3>\t\t\t\t<\/div>\n\t\t\t\t<\/div>\n\t\t\t\t<div class=\"elementor-element elementor-element-b4b5483 elementor-widget elementor-widget-text-editor\" data-id=\"b4b5483\" data-element_type=\"widget\" data-e-type=\"widget\" data-widget_type=\"text-editor.default\">\n\t\t\t\t<div class=\"elementor-widget-container\">\n\t\t\t\t\t\t\t\t\t<p>El 7 de junio de 2023 se adopt\u00f3 y firm\u00f3 en la Rep\u00fablica Checa una nueva ley de denuncias. La ley entr\u00f3 en vigor el 1 de agosto de 2023.<\/p><ul><li><a href=\"https:\/\/www.psp.cz\/sqw\/text\/tiskt.sqw?o=9&amp;ct=352&amp;ct1=0&amp;v=PZ&amp;pn=3&amp;pt=1\" target=\"_blank\" rel=\"noopener\">Z\u00e1kon o\u00a0ochran\u011b oznamovatel\u016f<\/a><\/li><li>Leer m\u00e1s en nuestro blog: <a href=\"https:\/\/www.whistlelink.com\/blog\/understanding-the-new-whistleblowing-law-in-the-czech-republic-key-aspects-and-implications\/\" target=\"_blank\" rel=\"noopener\">Understanding the new Whistleblowing Law in the Czech Republic &#8211; key aspects and implications<\/a><\/li><\/ul>\t\t\t\t\t\t\t\t<\/div>\n\t\t\t\t<\/div>\n\t\t\t\t<div class=\"elementor-element elementor-element-a0fe7aa elementor-widget-divider--view-line elementor-widget elementor-widget-divider\" data-id=\"a0fe7aa\" data-element_type=\"widget\" data-e-type=\"widget\" data-widget_type=\"divider.default\">\n\t\t\t\t<div class=\"elementor-widget-container\">\n\t\t\t\t\t\t\t<div class=\"elementor-divider\">\n\t\t\t<span class=\"elementor-divider-separator\">\n\t\t\t\t\t\t<\/span>\n\t\t<\/div>\n\t\t\t\t\t\t<\/div>\n\t\t\t\t<\/div>\n\t\t\t\t<div class=\"elementor-element elementor-element-2dbbb72 elementor-widget elementor-widget-heading\" data-id=\"2dbbb72\" data-element_type=\"widget\" data-e-type=\"widget\" data-widget_type=\"heading.default\">\n\t\t\t\t<div class=\"elementor-widget-container\">\n\t\t\t\t\t<h3 class=\"elementor-heading-title elementor-size-default\">Rumania<\/h3>\t\t\t\t<\/div>\n\t\t\t\t<\/div>\n\t\t\t\t<div class=\"elementor-element elementor-element-fc7ba40 elementor-widget elementor-widget-text-editor\" data-id=\"fc7ba40\" data-element_type=\"widget\" data-e-type=\"widget\" data-widget_type=\"text-editor.default\">\n\t\t\t\t<div class=\"elementor-widget-container\">\n\t\t\t\t\t\t\t\t\t<p>Rumania adopt\u00f3 una nueva legislaci\u00f3n para la protecci\u00f3n de los denunciantes cuando el presidente firm\u00f3 la versi\u00f3n mendada de la ley en diciembre de 2022. La ley entr\u00f3 en vigor el 22 de diciembre de 2022. <a href=\"https:\/\/www.whistlelink.com\/ro\/whitepaper-lege-whistleblowing-romania\/\" target=\"_blank\" rel=\"noopener\">L<span data-teams=\"true\">ee aqu\u00ed nuestro documento t\u00e9cnico!<\/span><\/a><\/p><ul><li><a href=\"https:\/\/legislatie.just.ro\/Public\/DetaliiDocument\/262872\">LEGE nr. 361 privind protec\u021bia avertizorilor \u00een interes public<\/a><\/li><li>Leer m\u00e1s en nuestro blog: <a href=\"https:\/\/www.whistlelink.com\/blog\/romania-has-adopted-a-new-whistleblowing-law-after-a-turbulent-process\/\" target=\"_blank\" rel=\"noopener\">Romania has adopted a new Whistleblowing Law after a turbulent process\u00a0<\/a><\/li><\/ul>\t\t\t\t\t\t\t\t<\/div>\n\t\t\t\t<\/div>\n\t\t\t\t<div class=\"elementor-element elementor-element-97e0228 elementor-widget-divider--view-line elementor-widget elementor-widget-divider\" data-id=\"97e0228\" data-element_type=\"widget\" data-e-type=\"widget\" data-widget_type=\"divider.default\">\n\t\t\t\t<div class=\"elementor-widget-container\">\n\t\t\t\t\t\t\t<div class=\"elementor-divider\">\n\t\t\t<span class=\"elementor-divider-separator\">\n\t\t\t\t\t\t<\/span>\n\t\t<\/div>\n\t\t\t\t\t\t<\/div>\n\t\t\t\t<\/div>\n\t\t\t\t<div class=\"elementor-element elementor-element-99cbc7e elementor-widget elementor-widget-heading\" data-id=\"99cbc7e\" data-element_type=\"widget\" data-e-type=\"widget\" data-widget_type=\"heading.default\">\n\t\t\t\t<div class=\"elementor-widget-container\">\n\t\t\t\t\t<h3 class=\"elementor-heading-title elementor-size-default\">Suecia<\/h3>\t\t\t\t<\/div>\n\t\t\t\t<\/div>\n\t\t\t\t<div class=\"elementor-element elementor-element-cd9ba18 elementor-widget elementor-widget-text-editor\" data-id=\"cd9ba18\" data-element_type=\"widget\" data-e-type=\"widget\" data-widget_type=\"text-editor.default\">\n\t\t\t\t<div class=\"elementor-widget-container\">\n\t\t\t\t\t\t\t\t\t<p>El 29 de septiembre de 2021, el Parlamento sueco &#8216;Riksdagen&#8217; aprob\u00f3 la normativa que traspone la Directiva Whistleblowing a la legislaci\u00f3n nacional.<\/p><ul><li><a href=\"https:\/\/www.riksdagen.se\/sv\/dokument-lagar\/dokument\/svensk-forfattningssamling\/lag-2021890-om-skydd-for-personer-som_sfs-2021-890\">Lag (2021:890) om skydd f\u00f6r personer som rapporterar om missf\u00f6rh\u00e5llanden (Visselbl\u00e5sarlagen)<\/a><\/li><li>M\u00e1s informaci\u00f3n en nuestro blog: <a href=\"https:\/\/www.whistlelink.com\/blog\/sweden-transposes-the-eu-whistleblowing-directive-into-national-law\/\">Sweden transposes the EU Whistleblowing Directive into national law<\/a><\/li><\/ul>\t\t\t\t\t\t\t\t<\/div>\n\t\t\t\t<\/div>\n\t\t\t\t<\/div>\n\t\t\t\t<\/div>\n\t\t<div class=\"elementor-element elementor-element-617083a e-con-full elementor-hidden-widescreen elementor-hidden-desktop elementor-hidden-laptop elementor-hidden-tablet_extra elementor-hidden-tablet elementor-hidden-mobile_extra elementor-hidden-mobile e-flex e-con e-child\" data-id=\"617083a\" data-element_type=\"container\" data-e-type=\"container\" data-settings=\"{&quot;background_background&quot;:&quot;classic&quot;}\">\n\t\t<div class=\"elementor-element elementor-element-a0fffff e-con-full e-flex e-con e-child\" data-id=\"a0fffff\" data-element_type=\"container\" data-e-type=\"container\" data-settings=\"{&quot;background_background&quot;:&quot;classic&quot;}\">\n\t\t\t\t<div class=\"elementor-element elementor-element-758d1f6 elementor-widget elementor-widget-image\" data-id=\"758d1f6\" data-element_type=\"widget\" data-e-type=\"widget\" data-widget_type=\"image.default\">\n\t\t\t\t<div class=\"elementor-widget-container\">\n\t\t\t\t\t\t\t\t\t\t\t\t\t\t\t<img fetchpriority=\"high\" decoding=\"async\" width=\"600\" height=\"600\" src=\"https:\/\/www.whistlelink.com\/wp-content\/uploads\/2022\/01\/eu-directive-plane.png\" class=\"attachment-large size-large wp-image-19989\" alt=\"\" srcset=\"https:\/\/www.whistlelink.com\/wp-content\/uploads\/2022\/01\/eu-directive-plane.png 600w, https:\/\/www.whistlelink.com\/wp-content\/uploads\/2022\/01\/eu-directive-plane-300x300.png 300w, https:\/\/www.whistlelink.com\/wp-content\/uploads\/2022\/01\/eu-directive-plane-150x150.png 150w\" sizes=\"(max-width: 600px) 100vw, 600px\" \/>\t\t\t\t\t\t\t\t\t\t\t\t\t\t\t<\/div>\n\t\t\t\t<\/div>\n\t\t\t\t<\/div>\n\t\t<div class=\"elementor-element elementor-element-cb957a3 e-con-full e-flex e-con e-child\" data-id=\"cb957a3\" data-element_type=\"container\" data-e-type=\"container\" data-settings=\"{&quot;background_background&quot;:&quot;classic&quot;}\">\n\t\t\t\t<div class=\"elementor-element elementor-element-a4b37c3 elementor-widget elementor-widget-jet-headline\" data-id=\"a4b37c3\" data-element_type=\"widget\" data-e-type=\"widget\" data-widget_type=\"jet-headline.default\">\n\t\t\t\t<div class=\"elementor-widget-container\">\n\t\t\t\t\t<h2 class=\"jet-headline jet-headline--direction-vertical\"><span class=\"jet-headline__part jet-headline__first\"><span class=\"jet-headline__label\">DIRECTIVA WHISTLEBLOWING - FECHAS CLAVE<\/span><\/span><span class=\"jet-headline__part jet-headline__second\"><span class=\"jet-headline__label\">Plazo para implementar canales de denuncia<\/span><\/span><\/h2>\t\t\t\t<\/div>\n\t\t\t\t<\/div>\n\t\t\t\t<div class=\"elementor-element elementor-element-0b9504c elementor-align-start elementor-icon-list--layout-traditional elementor-list-item-link-full_width elementor-widget elementor-widget-icon-list\" data-id=\"0b9504c\" data-element_type=\"widget\" data-e-type=\"widget\" data-widget_type=\"icon-list.default\">\n\t\t\t\t<div class=\"elementor-widget-container\">\n\t\t\t\t\t\t\t<ul class=\"elementor-icon-list-items\">\n\t\t\t\t\t\t\t<li class=\"elementor-icon-list-item\">\n\t\t\t\t\t\t\t\t\t\t\t<span class=\"elementor-icon-list-icon\">\n\t\t\t\t\t\t\t<svg xmlns=\"http:\/\/www.w3.org\/2000\/svg\" xmlns:xlink=\"http:\/\/www.w3.org\/1999\/xlink\" xmlns:serif=\"http:\/\/www.serif.com\/\" width=\"100%\" height=\"100%\" viewBox=\"0 0 60 20\" xml:space=\"preserve\" style=\"fill-rule:evenodd;clip-rule:evenodd;stroke-linejoin:round;stroke-miterlimit:2;\"> <g id=\"Artboard1\" transform=\"matrix(0.6,0,0,1,0,0)\"> <rect x=\"0\" y=\"0\" width=\"100\" height=\"20\" style=\"fill:white;\"><\/rect> <\/g> <\/svg>\t\t\t\t\t\t<\/span>\n\t\t\t\t\t\t\t\t\t\t<span class=\"elementor-icon-list-text\">17 de diciembre de 2021<\/span>\n\t\t\t\t\t\t\t\t\t<\/li>\n\t\t\t\t\t\t<\/ul>\n\t\t\t\t\t\t<\/div>\n\t\t\t\t<\/div>\n\t\t\t\t<div class=\"elementor-element elementor-element-7fc467a elementor-widget elementor-widget-text-editor\" data-id=\"7fc467a\" data-element_type=\"widget\" data-e-type=\"widget\" data-widget_type=\"text-editor.default\">\n\t\t\t\t<div class=\"elementor-widget-container\">\n\t\t\t\t\t\t\t\t\t<p>Para organizaciones con m\u00e1s de 250 empleados y municipios con m\u00e1s de 10.000 habitantes.<\/p>\t\t\t\t\t\t\t\t<\/div>\n\t\t\t\t<\/div>\n\t\t\t\t<div class=\"elementor-element elementor-element-85bdffe elementor-align-start elementor-icon-list--layout-traditional elementor-list-item-link-full_width elementor-widget elementor-widget-icon-list\" data-id=\"85bdffe\" data-element_type=\"widget\" data-e-type=\"widget\" data-widget_type=\"icon-list.default\">\n\t\t\t\t<div class=\"elementor-widget-container\">\n\t\t\t\t\t\t\t<ul class=\"elementor-icon-list-items\">\n\t\t\t\t\t\t\t<li class=\"elementor-icon-list-item\">\n\t\t\t\t\t\t\t\t\t\t\t<span class=\"elementor-icon-list-icon\">\n\t\t\t\t\t\t\t<svg xmlns=\"http:\/\/www.w3.org\/2000\/svg\" xmlns:xlink=\"http:\/\/www.w3.org\/1999\/xlink\" xmlns:serif=\"http:\/\/www.serif.com\/\" width=\"100%\" height=\"100%\" viewBox=\"0 0 60 20\" xml:space=\"preserve\" style=\"fill-rule:evenodd;clip-rule:evenodd;stroke-linejoin:round;stroke-miterlimit:2;\"> <g id=\"Artboard1\" transform=\"matrix(0.6,0,0,1,0,0)\"> <rect x=\"0\" y=\"0\" width=\"100\" height=\"20\" style=\"fill:white;\"><\/rect> <\/g> <\/svg>\t\t\t\t\t\t<\/span>\n\t\t\t\t\t\t\t\t\t\t<span class=\"elementor-icon-list-text\">17 de diciembre de 2023<\/span>\n\t\t\t\t\t\t\t\t\t<\/li>\n\t\t\t\t\t\t<\/ul>\n\t\t\t\t\t\t<\/div>\n\t\t\t\t<\/div>\n\t\t\t\t<div class=\"elementor-element elementor-element-95f8683 elementor-widget elementor-widget-text-editor\" data-id=\"95f8683\" data-element_type=\"widget\" data-e-type=\"widget\" data-widget_type=\"text-editor.default\">\n\t\t\t\t<div class=\"elementor-widget-container\">\n\t\t\t\t\t\t\t\t\t<p>Para organizaciones con 50 \u2013 249 empleados.<\/p>\t\t\t\t\t\t\t\t<\/div>\n\t\t\t\t<\/div>\n\t\t\t\t<\/div>\n\t\t\t\t<\/div>\n\t\t<div class=\"elementor-element elementor-element-7c3de5a e-con-full e-flex e-con e-child\" data-id=\"7c3de5a\" data-element_type=\"container\" data-e-type=\"container\" data-settings=\"{&quot;background_background&quot;:&quot;classic&quot;}\">\n\t\t<div class=\"elementor-element elementor-element-b5fc54b e-con-full e-flex e-con e-child\" data-id=\"b5fc54b\" data-element_type=\"container\" data-e-type=\"container\">\n\t\t\t\t<div class=\"elementor-element elementor-element-6900e14 elementor-widget elementor-widget-jet-headline\" data-id=\"6900e14\" data-element_type=\"widget\" data-e-type=\"widget\" data-widget_type=\"jet-headline.default\">\n\t\t\t\t<div class=\"elementor-widget-container\">\n\t\t\t\t\t<h2 class=\"jet-headline jet-headline--direction-vertical\"><span class=\"jet-headline__part jet-headline__first\"><span class=\"jet-headline__label\">PRUEBA WHISTLELINK<\/span><\/span><span class=\"jet-headline__part jet-headline__second\"><span class=\"jet-headline__label\">Cumples con la Directiva sobre protecci\u00f3n de denunciantes? Puedes hacerlo en 10\u00a0minutos.<\/span><\/span><\/h2>\t\t\t\t<\/div>\n\t\t\t\t<\/div>\n\t\t<div class=\"elementor-element elementor-element-cf22226 e-flex e-con-boxed e-con e-child\" data-id=\"cf22226\" data-element_type=\"container\" data-e-type=\"container\">\n\t\t\t\t\t<div class=\"e-con-inner\">\n\t\t\t\t<div class=\"elementor-element elementor-element-1886398 elementor-widget__width-auto elementor-widget elementor-widget-jet-button\" data-id=\"1886398\" data-element_type=\"widget\" data-e-type=\"widget\" data-widget_type=\"jet-button.default\">\n\t\t\t\t<div class=\"elementor-widget-container\">\n\t\t\t\t\t<div class=\"elementor-jet-button jet-elements\"><div class=\"jet-button__container\">\n\t<a class=\"jet-button__instance jet-button__instance--icon-left hover-effect-0\" href=\"#elementor-action%3Aaction%3Dpopup%3Aopen%26settings%3DeyJpZCI6MjY3MTcsInRvZ2dsZSI6ZmFsc2V9\">\n\t\t<div class=\"jet-button__plane jet-button__plane-normal\"><\/div>\n\t\t<div class=\"jet-button__plane jet-button__plane-hover\"><\/div>\n\t\t<div class=\"jet-button__state jet-button__state-normal\">\n\t\t\t<span class=\"jet-button__label\">Contacta<\/span>\t\t<\/div>\n\t\t<div class=\"jet-button__state jet-button__state-hover\">\n\t\t\t<span class=\"jet-button__label\">Contacta<\/span>\t\t<\/div>\n\t<\/a>\n<\/div>\n<\/div>\t\t\t\t<\/div>\n\t\t\t\t<\/div>\n\t\t\t\t<div class=\"elementor-element elementor-element-2f6972b elementor-widget__width-auto elementor-widget elementor-widget-jet-button\" data-id=\"2f6972b\" data-element_type=\"widget\" data-e-type=\"widget\" data-widget_type=\"jet-button.default\">\n\t\t\t\t<div class=\"elementor-widget-container\">\n\t\t\t\t\t<div class=\"elementor-jet-button jet-elements\"><div class=\"jet-button__container\">\n\t<a class=\"jet-button__instance jet-button__instance--icon-right hover-effect-0\" href=\"#elementor-action%3Aaction%3Dlightbox%26settings%3DeyJ0eXBlIjoidmlkZW8iLCJ2aWRlb1R5cGUiOiJ2aW1lbyIsInVybCI6Imh0dHBzOlwvXC9wbGF5ZXIudmltZW8uY29tXC92aWRlb1wvNzE5MDM0NTExP2g9MzEwNGYyYTEzMCN0PSJ9\">\n\t\t<div class=\"jet-button__plane jet-button__plane-normal\"><\/div>\n\t\t<div class=\"jet-button__plane jet-button__plane-hover\"><\/div>\n\t\t<div class=\"jet-button__state jet-button__state-normal\">\n\t\t\t<span class=\"jet-button__icon jet-elements-icon\"><svg xmlns=\"http:\/\/www.w3.org\/2000\/svg\" xmlns:xlink=\"http:\/\/www.w3.org\/1999\/xlink\" xmlns:serif=\"http:\/\/www.serif.com\/\" width=\"100%\" height=\"100%\" viewBox=\"0 0 1459 1459\" xml:space=\"preserve\" style=\"fill-rule:evenodd;clip-rule:evenodd;stroke-linejoin:round;stroke-miterlimit:2;\"><rect id=\"play-icon\" x=\"0\" y=\"0\" width=\"1458.33\" height=\"1458.33\" style=\"fill:none;\"><\/rect><clipPath id=\"_clip1\"><rect id=\"play-icon1\" serif:id=\"play-icon\" x=\"0\" y=\"0\" width=\"1458.33\" height=\"1458.33\"><\/rect><\/clipPath><g clip-path=\"url(#_clip1)\"><path d=\"M1435.84,729.167c-0,390.29 -316.378,706.668 -706.668,706.668c-390.291,-0 -706.668,-316.378 -706.668,-706.668c-0,-390.291 316.377,-706.668 706.668,-706.668c390.29,-0 706.668,316.377 706.668,706.668\" style=\"fill:#a5edd2;fill-rule:nonzero;\"><\/path><path d=\"M1458.33,729.167c0,-402.438 -326.728,-729.167 -729.166,-729.167c-402.438,-0 -729.167,326.729 -729.167,729.167c-0,402.438 326.729,729.166 729.167,729.166c402.438,0 729.166,-326.728 729.166,-729.166Zm-44.997,-0c0,377.603 -306.566,684.169 -684.169,684.169c-377.604,0 -684.17,-306.566 -684.17,-684.169c0,-377.604 306.566,-684.17 684.17,-684.17c377.603,0 684.169,306.566 684.169,684.17Z\" style=\"fill:#c5f3e2;\"><\/path><path d=\"M999.135,740.684l-374.776,235.292l0,-470.584l374.776,235.292Z\" style=\"fill:#5a4d4d;fill-rule:nonzero;\"><\/path><\/g><\/svg><\/span><span class=\"jet-button__label\">Mira como funciona<\/span>\t\t<\/div>\n\t\t<div class=\"jet-button__state jet-button__state-hover\">\n\t\t\t<span class=\"jet-button__icon jet-elements-icon\"><svg xmlns=\"http:\/\/www.w3.org\/2000\/svg\" xmlns:xlink=\"http:\/\/www.w3.org\/1999\/xlink\" xmlns:serif=\"http:\/\/www.serif.com\/\" width=\"100%\" height=\"100%\" viewBox=\"0 0 1459 1459\" xml:space=\"preserve\" style=\"fill-rule:evenodd;clip-rule:evenodd;stroke-linejoin:round;stroke-miterlimit:2;\"><rect id=\"play-icon\" x=\"0\" y=\"0\" width=\"1458.33\" height=\"1458.33\" style=\"fill:none;\"><\/rect><clipPath id=\"_clip1\"><rect id=\"play-icon1\" serif:id=\"play-icon\" x=\"0\" y=\"0\" width=\"1458.33\" height=\"1458.33\"><\/rect><\/clipPath><g clip-path=\"url(#_clip1)\"><path d=\"M1435.84,729.167c-0,390.29 -316.378,706.668 -706.668,706.668c-390.291,-0 -706.668,-316.378 -706.668,-706.668c-0,-390.291 316.377,-706.668 706.668,-706.668c390.29,-0 706.668,316.377 706.668,706.668\" style=\"fill:#a5edd2;fill-rule:nonzero;\"><\/path><path d=\"M1458.33,729.167c0,-402.438 -326.728,-729.167 -729.166,-729.167c-402.438,-0 -729.167,326.729 -729.167,729.167c-0,402.438 326.729,729.166 729.167,729.166c402.438,0 729.166,-326.728 729.166,-729.166Zm-44.997,-0c0,377.603 -306.566,684.169 -684.169,684.169c-377.604,0 -684.17,-306.566 -684.17,-684.169c0,-377.604 306.566,-684.17 684.17,-684.17c377.603,0 684.169,306.566 684.169,684.17Z\" style=\"fill:#c5f3e2;\"><\/path><path d=\"M999.135,740.684l-374.776,235.292l0,-470.584l374.776,235.292Z\" style=\"fill:#5a4d4d;fill-rule:nonzero;\"><\/path><\/g><\/svg><\/span><span class=\"jet-button__label\">Mira como funciona<\/span>\t\t<\/div>\n\t<\/a>\n<\/div>\n<\/div>\t\t\t\t<\/div>\n\t\t\t\t<\/div>\n\t\t\t\t\t<\/div>\n\t\t\t\t<\/div>\n\t\t\t\t<div class=\"elementor-element elementor-element-01edfc6 elementor-widget elementor-widget-spacer\" data-id=\"01edfc6\" data-element_type=\"widget\" data-e-type=\"widget\" data-widget_type=\"spacer.default\">\n\t\t\t\t<div class=\"elementor-widget-container\">\n\t\t\t\t\t\t\t<div class=\"elementor-spacer\">\n\t\t\t<div class=\"elementor-spacer-inner\"><\/div>\n\t\t<\/div>\n\t\t\t\t\t\t<\/div>\n\t\t\t\t<\/div>\n\t\t\t\t<div class=\"elementor-element elementor-element-56593cf elementor-hidden-widescreen elementor-hidden-desktop elementor-hidden-laptop elementor-hidden-tablet_extra elementor-hidden-tablet elementor-hidden-mobile_extra elementor-hidden-mobile elementor-widget elementor-widget-text-editor\" data-id=\"56593cf\" data-element_type=\"widget\" data-e-type=\"widget\" data-widget_type=\"text-editor.default\">\n\t\t\t\t<div class=\"elementor-widget-container\">\n\t\t\t\t\t\t\t\t\t<p>Tienes alguna duda? Escr\u00edbenos a <a href=\"mailto:sales@whistlelink.com\">sales@whistlelink.com<\/a> o lee m\u00e1s <a href=\"https:\/\/www.whistlelink.com\/es\/producto\/\">aqu\u00ed.\u00a0<\/a><\/p>\t\t\t\t\t\t\t\t<\/div>\n\t\t\t\t<\/div>\n\t\t\t\t<\/div>\n\t\t\t\t<\/div>\n\t\t\t\t<\/div>\n\t\t<div class=\"elementor-element elementor-element-0b83f29 e-con-full e-flex e-con e-child\" data-id=\"0b83f29\" data-element_type=\"container\" data-e-type=\"container\">\n\t\t\t\t<\/div>\n\t\t\t\t\t<\/div>\n\t\t\t\t<\/div>\n\t\t\t\t<\/div>\n\t\t","protected":false},"excerpt":{"rendered":"<p>Obten las \u00faltimas actualizaciones sobre la normativa nacionale de protecci\u00f3n de denunciantes de los estados miembrosNormativa comunitaria de protecci\u00f3n de denunciantes El objetivo de la Directiva Whistleblowing (2019\/1937) es detectar y prevenir infracciones dentro de la Uni\u00f3n, y proteger a las personas (denunciantes) que denuncian conductas indebidas en el trabajo. UN REQUISITO DE LA DIRECTIVA [&hellip;]<\/p>\n","protected":false},"author":15,"featured_media":0,"parent":0,"menu_order":0,"comment_status":"closed","ping_status":"closed","template":"elementor_header_footer","meta":{"footnotes":""},"class_list":["post-37626","page","type-page","status-publish","hentry"],"yoast_head":"<!-- This site is optimized with the Yoast SEO Premium plugin v27.3 (Yoast SEO v27.4) - https:\/\/yoast.com\/product\/yoast-seo-premium-wordpress\/ -->\n<title>Normativa comunitaria de protecci\u00f3n de denunciantes - Whistlelink<\/title>\n<meta name=\"description\" content=\"Obten informaci\u00f3n actualizada sobre las normativas nacionales de protecci\u00f3n de denunciantes de los estados miembros de la Uni\u00f3n Europea.\" \/>\n<meta name=\"robots\" content=\"index, follow, max-snippet:-1, max-image-preview:large, max-video-preview:-1\" \/>\n<link rel=\"canonical\" href=\"https:\/\/www.whistlelink.com\/es\/normativa-comunitaria-de-proteccion-de-denunciantes\/\" \/>\n<meta property=\"og:locale\" content=\"es_ES\" \/>\n<meta property=\"og:type\" content=\"article\" \/>\n<meta property=\"og:title\" content=\"Normativa comunitaria de protecci\u00f3n de denunciantes\" \/>\n<meta property=\"og:description\" content=\"Obten informaci\u00f3n actualizada sobre las normativas nacionales de protecci\u00f3n de denunciantes de los estados miembros de la Uni\u00f3n Europea.\" \/>\n<meta property=\"og:url\" content=\"https:\/\/www.whistlelink.com\/es\/normativa-comunitaria-de-proteccion-de-denunciantes\/\" \/>\n<meta property=\"og:site_name\" content=\"Whistlelink\" \/>\n<meta property=\"article:publisher\" content=\"https:\/\/www.facebook.com\/whistlelink\/\" \/>\n<meta property=\"article:modified_time\" content=\"2026-01-08T13:10:38+00:00\" \/>\n<meta property=\"og:image\" content=\"https:\/\/www.whistlelink.com\/wp-content\/uploads\/2022\/01\/eu-directive-plane.png\" \/>\n\t<meta property=\"og:image:width\" content=\"600\" \/>\n\t<meta property=\"og:image:height\" content=\"600\" \/>\n\t<meta property=\"og:image:type\" content=\"image\/png\" \/>\n<meta name=\"twitter:card\" content=\"summary_large_image\" \/>\n<meta name=\"twitter:label1\" content=\"Tiempo de lectura\" \/>\n\t<meta name=\"twitter:data1\" content=\"10 minutos\" \/>\n<script type=\"application\/ld+json\" class=\"yoast-schema-graph\">{\"@context\":\"https:\\\/\\\/schema.org\",\"@graph\":[{\"@type\":\"WebPage\",\"@id\":\"https:\\\/\\\/www.whistlelink.com\\\/es\\\/normativa-comunitaria-de-proteccion-de-denunciantes\\\/\",\"url\":\"https:\\\/\\\/www.whistlelink.com\\\/es\\\/normativa-comunitaria-de-proteccion-de-denunciantes\\\/\",\"name\":\"Normativa comunitaria de protecci\u00f3n de denunciantes - Whistlelink\",\"isPartOf\":{\"@id\":\"https:\\\/\\\/www.whistlelink.com\\\/es\\\/#website\"},\"primaryImageOfPage\":{\"@id\":\"https:\\\/\\\/www.whistlelink.com\\\/es\\\/normativa-comunitaria-de-proteccion-de-denunciantes\\\/#primaryimage\"},\"image\":{\"@id\":\"https:\\\/\\\/www.whistlelink.com\\\/es\\\/normativa-comunitaria-de-proteccion-de-denunciantes\\\/#primaryimage\"},\"thumbnailUrl\":\"https:\\\/\\\/www.whistlelink.com\\\/wp-content\\\/uploads\\\/2022\\\/01\\\/eu-directive-plane.png\",\"datePublished\":\"2022-06-01T07:56:39+00:00\",\"dateModified\":\"2026-01-08T13:10:38+00:00\",\"description\":\"Obten informaci\u00f3n actualizada sobre las normativas nacionales de protecci\u00f3n de denunciantes de los estados miembros de la Uni\u00f3n Europea.\",\"breadcrumb\":{\"@id\":\"https:\\\/\\\/www.whistlelink.com\\\/es\\\/normativa-comunitaria-de-proteccion-de-denunciantes\\\/#breadcrumb\"},\"inLanguage\":\"es\",\"potentialAction\":[{\"@type\":\"ReadAction\",\"target\":[\"https:\\\/\\\/www.whistlelink.com\\\/es\\\/normativa-comunitaria-de-proteccion-de-denunciantes\\\/\"]}]},{\"@type\":\"ImageObject\",\"inLanguage\":\"es\",\"@id\":\"https:\\\/\\\/www.whistlelink.com\\\/es\\\/normativa-comunitaria-de-proteccion-de-denunciantes\\\/#primaryimage\",\"url\":\"https:\\\/\\\/www.whistlelink.com\\\/wp-content\\\/uploads\\\/2022\\\/01\\\/eu-directive-plane.png\",\"contentUrl\":\"https:\\\/\\\/www.whistlelink.com\\\/wp-content\\\/uploads\\\/2022\\\/01\\\/eu-directive-plane.png\"},{\"@type\":\"BreadcrumbList\",\"@id\":\"https:\\\/\\\/www.whistlelink.com\\\/es\\\/normativa-comunitaria-de-proteccion-de-denunciantes\\\/#breadcrumb\",\"itemListElement\":[{\"@type\":\"ListItem\",\"position\":1,\"name\":\"Home\",\"item\":\"https:\\\/\\\/www.whistlelink.com\\\/es\\\/\"},{\"@type\":\"ListItem\",\"position\":2,\"name\":\"Normativa comunitaria de protecci\u00f3n de denunciantes\"}]},{\"@type\":\"WebSite\",\"@id\":\"https:\\\/\\\/www.whistlelink.com\\\/es\\\/#website\",\"url\":\"https:\\\/\\\/www.whistlelink.com\\\/es\\\/\",\"name\":\"Whistlelink\",\"description\":\"A trusted provider of secure whistleblowing solutions.\",\"publisher\":{\"@id\":\"https:\\\/\\\/www.whistlelink.com\\\/es\\\/#organization\"},\"potentialAction\":[{\"@type\":\"SearchAction\",\"target\":{\"@type\":\"EntryPoint\",\"urlTemplate\":\"https:\\\/\\\/www.whistlelink.com\\\/es\\\/?s={search_term_string}\"},\"query-input\":{\"@type\":\"PropertyValueSpecification\",\"valueRequired\":true,\"valueName\":\"search_term_string\"}}],\"inLanguage\":\"es\"},{\"@type\":\"Organization\",\"@id\":\"https:\\\/\\\/www.whistlelink.com\\\/es\\\/#organization\",\"name\":\"Whistlelink\",\"url\":\"https:\\\/\\\/www.whistlelink.com\\\/es\\\/\",\"logo\":{\"@type\":\"ImageObject\",\"inLanguage\":\"es\",\"@id\":\"https:\\\/\\\/www.whistlelink.com\\\/es\\\/#\\\/schema\\\/logo\\\/image\\\/\",\"url\":\"https:\\\/\\\/www.whistlelink.com\\\/wp-content\\\/uploads\\\/2021\\\/07\\\/WhistlelinkLogoEmail.png\",\"contentUrl\":\"https:\\\/\\\/www.whistlelink.com\\\/wp-content\\\/uploads\\\/2021\\\/07\\\/WhistlelinkLogoEmail.png\",\"width\":704,\"height\":75,\"caption\":\"Whistlelink\"},\"image\":{\"@id\":\"https:\\\/\\\/www.whistlelink.com\\\/es\\\/#\\\/schema\\\/logo\\\/image\\\/\"},\"sameAs\":[\"https:\\\/\\\/www.facebook.com\\\/whistlelink\\\/\",\"https:\\\/\\\/www.linkedin.com\\\/company\\\/whistlelink\\\/\",\"https:\\\/\\\/vimeo.com\\\/user152082481\"]}]}<\/script>\n<!-- \/ Yoast SEO Premium plugin. -->","yoast_head_json":{"title":"Normativa comunitaria de protecci\u00f3n de denunciantes - Whistlelink","description":"Obten informaci\u00f3n actualizada sobre las normativas nacionales de protecci\u00f3n de denunciantes de los estados miembros de la Uni\u00f3n Europea.","robots":{"index":"index","follow":"follow","max-snippet":"max-snippet:-1","max-image-preview":"max-image-preview:large","max-video-preview":"max-video-preview:-1"},"canonical":"https:\/\/www.whistlelink.com\/es\/normativa-comunitaria-de-proteccion-de-denunciantes\/","og_locale":"es_ES","og_type":"article","og_title":"Normativa comunitaria de protecci\u00f3n de denunciantes","og_description":"Obten informaci\u00f3n actualizada sobre las normativas nacionales de protecci\u00f3n de denunciantes de los estados miembros de la Uni\u00f3n Europea.","og_url":"https:\/\/www.whistlelink.com\/es\/normativa-comunitaria-de-proteccion-de-denunciantes\/","og_site_name":"Whistlelink","article_publisher":"https:\/\/www.facebook.com\/whistlelink\/","article_modified_time":"2026-01-08T13:10:38+00:00","og_image":[{"width":600,"height":600,"url":"https:\/\/www.whistlelink.com\/wp-content\/uploads\/2022\/01\/eu-directive-plane.png","type":"image\/png"}],"twitter_card":"summary_large_image","twitter_misc":{"Tiempo de lectura":"10 minutos"},"schema":{"@context":"https:\/\/schema.org","@graph":[{"@type":"WebPage","@id":"https:\/\/www.whistlelink.com\/es\/normativa-comunitaria-de-proteccion-de-denunciantes\/","url":"https:\/\/www.whistlelink.com\/es\/normativa-comunitaria-de-proteccion-de-denunciantes\/","name":"Normativa comunitaria de protecci\u00f3n de denunciantes - Whistlelink","isPartOf":{"@id":"https:\/\/www.whistlelink.com\/es\/#website"},"primaryImageOfPage":{"@id":"https:\/\/www.whistlelink.com\/es\/normativa-comunitaria-de-proteccion-de-denunciantes\/#primaryimage"},"image":{"@id":"https:\/\/www.whistlelink.com\/es\/normativa-comunitaria-de-proteccion-de-denunciantes\/#primaryimage"},"thumbnailUrl":"https:\/\/www.whistlelink.com\/wp-content\/uploads\/2022\/01\/eu-directive-plane.png","datePublished":"2022-06-01T07:56:39+00:00","dateModified":"2026-01-08T13:10:38+00:00","description":"Obten informaci\u00f3n actualizada sobre las normativas nacionales de protecci\u00f3n de denunciantes de los estados miembros de la Uni\u00f3n Europea.","breadcrumb":{"@id":"https:\/\/www.whistlelink.com\/es\/normativa-comunitaria-de-proteccion-de-denunciantes\/#breadcrumb"},"inLanguage":"es","potentialAction":[{"@type":"ReadAction","target":["https:\/\/www.whistlelink.com\/es\/normativa-comunitaria-de-proteccion-de-denunciantes\/"]}]},{"@type":"ImageObject","inLanguage":"es","@id":"https:\/\/www.whistlelink.com\/es\/normativa-comunitaria-de-proteccion-de-denunciantes\/#primaryimage","url":"https:\/\/www.whistlelink.com\/wp-content\/uploads\/2022\/01\/eu-directive-plane.png","contentUrl":"https:\/\/www.whistlelink.com\/wp-content\/uploads\/2022\/01\/eu-directive-plane.png"},{"@type":"BreadcrumbList","@id":"https:\/\/www.whistlelink.com\/es\/normativa-comunitaria-de-proteccion-de-denunciantes\/#breadcrumb","itemListElement":[{"@type":"ListItem","position":1,"name":"Home","item":"https:\/\/www.whistlelink.com\/es\/"},{"@type":"ListItem","position":2,"name":"Normativa comunitaria de protecci\u00f3n de denunciantes"}]},{"@type":"WebSite","@id":"https:\/\/www.whistlelink.com\/es\/#website","url":"https:\/\/www.whistlelink.com\/es\/","name":"Whistlelink","description":"A trusted provider of secure whistleblowing solutions.","publisher":{"@id":"https:\/\/www.whistlelink.com\/es\/#organization"},"potentialAction":[{"@type":"SearchAction","target":{"@type":"EntryPoint","urlTemplate":"https:\/\/www.whistlelink.com\/es\/?s={search_term_string}"},"query-input":{"@type":"PropertyValueSpecification","valueRequired":true,"valueName":"search_term_string"}}],"inLanguage":"es"},{"@type":"Organization","@id":"https:\/\/www.whistlelink.com\/es\/#organization","name":"Whistlelink","url":"https:\/\/www.whistlelink.com\/es\/","logo":{"@type":"ImageObject","inLanguage":"es","@id":"https:\/\/www.whistlelink.com\/es\/#\/schema\/logo\/image\/","url":"https:\/\/www.whistlelink.com\/wp-content\/uploads\/2021\/07\/WhistlelinkLogoEmail.png","contentUrl":"https:\/\/www.whistlelink.com\/wp-content\/uploads\/2021\/07\/WhistlelinkLogoEmail.png","width":704,"height":75,"caption":"Whistlelink"},"image":{"@id":"https:\/\/www.whistlelink.com\/es\/#\/schema\/logo\/image\/"},"sameAs":["https:\/\/www.facebook.com\/whistlelink\/","https:\/\/www.linkedin.com\/company\/whistlelink\/","https:\/\/vimeo.com\/user152082481"]}]}},"_links":{"self":[{"href":"https:\/\/www.whistlelink.com\/es\/wp-json\/wp\/v2\/pages\/37626","targetHints":{"allow":["GET"]}}],"collection":[{"href":"https:\/\/www.whistlelink.com\/es\/wp-json\/wp\/v2\/pages"}],"about":[{"href":"https:\/\/www.whistlelink.com\/es\/wp-json\/wp\/v2\/types\/page"}],"author":[{"embeddable":true,"href":"https:\/\/www.whistlelink.com\/es\/wp-json\/wp\/v2\/users\/15"}],"replies":[{"embeddable":true,"href":"https:\/\/www.whistlelink.com\/es\/wp-json\/wp\/v2\/comments?post=37626"}],"version-history":[{"count":61,"href":"https:\/\/www.whistlelink.com\/es\/wp-json\/wp\/v2\/pages\/37626\/revisions"}],"predecessor-version":[{"id":101036,"href":"https:\/\/www.whistlelink.com\/es\/wp-json\/wp\/v2\/pages\/37626\/revisions\/101036"}],"wp:attachment":[{"href":"https:\/\/www.whistlelink.com\/es\/wp-json\/wp\/v2\/media?parent=37626"}],"curies":[{"name":"wp","href":"https:\/\/api.w.org\/{rel}","templated":true}]}}